{"id":10,"date":"2020-08-11T14:40:12","date_gmt":"2020-08-11T14:40:12","guid":{"rendered":"https:\/\/www.lepoglava.hr\/festival-cipke\/?page_id=10"},"modified":"2021-09-06T05:59:25","modified_gmt":"2021-09-06T05:59:25","slug":"naslovnica-festival-cipke-lepoglava","status":"publish","type":"page","link":"https:\/\/www.lepoglava.hr\/festival-cipke\/naslovnica-festival-cipke-lepoglava\/","title":{"rendered":"25. me\u0111unarodni festival \u010dipke"},"content":{"rendered":"\t\t<div data-elementor-type=\"wp-page\" data-elementor-id=\"10\" class=\"elementor elementor-10\">\n\t\t\t\t\t\t<div class=\"elementor-inner\">\n\t\t\t\t<div class=\"elementor-section-wrap\">\n\t\t\t\t\t\t\t\t\t<section class=\"elementor-section elementor-top-section elementor-element elementor-element-67c42c00 elementor-section-full_width elementor-section-height-default elementor-section-height-default\" data-id=\"67c42c00\" data-element_type=\"section\" data-settings=\"{&quot;background_background&quot;:&quot;classic&quot;}\">\n\t\t\t\t\t\t\t<div class=\"elementor-background-overlay\"><\/div>\n\t\t\t\t\t\t\t<div class=\"elementor-container elementor-column-gap-no\">\n\t\t\t\t\t\t\t<div class=\"elementor-row\">\n\t\t\t\t\t<div class=\"elementor-column elementor-col-100 elementor-top-column elementor-element elementor-element-57fe7ef8\" data-id=\"57fe7ef8\" data-element_type=\"column\">\n\t\t\t<div class=\"elementor-column-wrap elementor-element-populated\">\n\t\t\t\t\t\t\t<div class=\"elementor-widget-wrap\">\n\t\t\t\t\t\t<section class=\"elementor-section elementor-inner-section elementor-element elementor-element-01ae99b elementor-section-boxed elementor-section-height-default elementor-section-height-default\" data-id=\"01ae99b\" data-element_type=\"section\">\n\t\t\t\t\t\t<div class=\"elementor-container elementor-column-gap-default\">\n\t\t\t\t\t\t\t<div class=\"elementor-row\">\n\t\t\t\t\t<div class=\"elementor-column elementor-col-100 elementor-inner-column elementor-element elementor-element-2db2766\" data-id=\"2db2766\" data-element_type=\"column\">\n\t\t\t<div class=\"elementor-column-wrap elementor-element-populated\">\n\t\t\t\t\t\t\t<div class=\"elementor-widget-wrap\">\n\t\t\t\t\t\t<div class=\"elementor-element elementor-element-863cd36 elementor-widget elementor-widget-heading\" data-id=\"863cd36\" data-element_type=\"widget\" data-widget_type=\"heading.default\">\n\t\t\t\t<div class=\"elementor-widget-container\">\n\t\t\t<h2 class=\"elementor-heading-title elementor-size-default\">25. me\u0111unarodni festival \u010dipke, Lepoglava<\/h2>\t\t<\/div>\n\t\t\t\t<\/div>\n\t\t\t\t\t\t<\/div>\n\t\t\t\t\t<\/div>\n\t\t<\/div>\n\t\t\t\t\t\t\t\t<\/div>\n\t\t\t\t\t<\/div>\n\t\t<\/section>\n\t\t\t\t<section class=\"elementor-section elementor-inner-section elementor-element elementor-element-435d84c elementor-section-content-middle elementor-section-boxed elementor-section-height-default elementor-section-height-default\" data-id=\"435d84c\" data-element_type=\"section\">\n\t\t\t\t\t\t<div class=\"elementor-container elementor-column-gap-no\">\n\t\t\t\t\t\t\t<div class=\"elementor-row\">\n\t\t\t\t\t<div class=\"elementor-column elementor-col-100 elementor-inner-column elementor-element elementor-element-fb50cd9\" data-id=\"fb50cd9\" data-element_type=\"column\">\n\t\t\t<div class=\"elementor-column-wrap elementor-element-populated\">\n\t\t\t\t\t\t\t<div class=\"elementor-widget-wrap\">\n\t\t\t\t\t\t<div class=\"elementor-element elementor-element-a01c6a5 animated-slow elementor-invisible elementor-widget elementor-widget-text-editor\" data-id=\"a01c6a5\" data-element_type=\"widget\" data-settings=\"{&quot;_animation&quot;:&quot;slideInRight&quot;}\" data-widget_type=\"text-editor.default\">\n\t\t\t\t<div class=\"elementor-widget-container\">\n\t\t\t\t\t\t\t\t<div class=\"elementor-text-editor elementor-clearfix\">\n\t\t\t\t<p><b>Ovogodi\u0161nji 25. Me\u0111unarodni festival \u010dipke u Lepoglavi odr\u017eava se od 10 do 12. rujna<\/b><\/p>\t\t\t\t\t<\/div>\n\t\t\t\t\t\t<\/div>\n\t\t\t\t<\/div>\n\t\t\t\t\t\t<\/div>\n\t\t\t\t\t<\/div>\n\t\t<\/div>\n\t\t\t\t\t\t\t\t<\/div>\n\t\t\t\t\t<\/div>\n\t\t<\/section>\n\t\t\t\t<section class=\"elementor-section elementor-inner-section elementor-element elementor-element-9e7ce78 elementor-section-boxed elementor-section-height-default elementor-section-height-default\" data-id=\"9e7ce78\" data-element_type=\"section\">\n\t\t\t\t\t\t<div class=\"elementor-container elementor-column-gap-no\">\n\t\t\t\t\t\t\t<div class=\"elementor-row\">\n\t\t\t\t\t<div class=\"elementor-column elementor-col-50 elementor-inner-column elementor-element elementor-element-260e5e3 animated-slow elementor-invisible\" data-id=\"260e5e3\" data-element_type=\"column\" data-settings=\"{&quot;background_background&quot;:&quot;classic&quot;,&quot;animation&quot;:&quot;slideInLeft&quot;,&quot;animation_mobile&quot;:&quot;fadeIn&quot;}\">\n\t\t\t<div class=\"elementor-column-wrap elementor-element-populated\">\n\t\t\t\t\t\t\t<div class=\"elementor-widget-wrap\">\n\t\t\t\t\t\t<div class=\"elementor-element elementor-element-2a9aa68 elementor-widget elementor-widget-text-editor\" data-id=\"2a9aa68\" data-element_type=\"widget\" data-settings=\"{&quot;_animation&quot;:&quot;none&quot;}\" data-widget_type=\"text-editor.default\">\n\t\t\t\t<div class=\"elementor-widget-container\">\n\t\t\t\t\t\t\t\t<div class=\"elementor-text-editor elementor-clearfix\">\n\t\t\t\t<p><span style=\"font-weight: 400;\">Me\u0111unarodni \u010dipkarski festival u Lepoglavi kontinuirano se odr\u017eava od 1997. godine, a 2009. godine lepoglavska je \u010dipka uvr\u0161tena na UNESCO-vu Reprezentativnu listu nematerijalne ba\u0161tine \u010dovje\u010danstva.&nbsp;<\/span><\/p>\n<p><span style=\"font-weight: 400;\">Usprkos neizvjesnim okolnostima zbog situacije izazvane virusom COVID-19, Grad Lepoglava organizira ovogodi\u0161nji jubilarni 25.me\u0111unarodni festival \u010dipke. Festival se i ove godine ve\u0107 po tradiciji odr\u017eava pod visokim pokroviteljstvom Predsjednika Republike Hrvatske Zorana Milanovi\u0107a, Ministarstva kulture i medija RH, Ministarstva turizma i sporta RH, Ministarstva poljoprivrede, Hrvatskog povjerenstva za UNESCO i Vara\u017edinske \u017eupanije, a ovogodi\u0161nja zemlja partner je Ma\u0111arska. <\/span><\/p>\n<p><span style=\"font-weight: 400;\">Koncepcija ovogodi\u0161nje izlo\u017ebe zami\u0161ljena je kao presjek 25 godina festivala \u010dipke u Lepoglavi.<\/span><\/p>\n<p><span style=\"font-weight: 400;\">Radi se o zajedni\u010dkoj centralnoj izlo\u017ebi sudionika pro\u0161lih festivala i doma\u0107ina. Fotografije, plakati, pozivnice, programi, \u010dipke, u prostoru samostana biti \u0107e povezani zajedni\u010dkom pri\u010dom od prvih dana&nbsp; do jubilarnog 25. festivala. Izlo\u017ebu \u0107e upotpuniti svojim umjetni\u010dkim radovima s motivima \u010dipke Snje\u017eana Varovi\u0107.&nbsp;<\/span><\/p>\n<p><span style=\"font-weight: 400;\">Ove godine imamo \u010dast da nam se predstavi i Gradski muzej Vara\u017edin s izlo\u017ebom o Danici Br\u00f6ssler, najpoznatijom u\u010diteljicom lepoglavske \u010dipkarske \u0161kole, iz svog fundusa.&nbsp;<\/span><\/p>\t\t\t\t\t<\/div>\n\t\t\t\t\t\t<\/div>\n\t\t\t\t<\/div>\n\t\t\t\t<div class=\"elementor-element elementor-element-848627a elementor-align-center elementor-invisible elementor-widget elementor-widget-button\" data-id=\"848627a\" data-element_type=\"widget\" data-settings=\"{&quot;_animation&quot;:&quot;slideInLeft&quot;}\" data-widget_type=\"button.default\">\n\t\t\t\t<div class=\"elementor-widget-container\">\n\t\t\t\t\t<div class=\"elementor-button-wrapper\">\n\t\t\t<a class=\"elementor-button elementor-button-link elementor-size-xs\" href=\"https:\/\/www.lepoglava.hr\/festival-cipke\/uvodni-video-25-festival-cipke\">\n\t\t\t\t\t\t<span class=\"elementor-button-content-wrapper\">\n\t\t\t\t\t\t<span class=\"elementor-button-icon elementor-align-icon-right\">\n\t\t\t\t<i aria-hidden=\"true\" class=\"fas fa-video\"><\/i>\t\t\t<\/span>\n\t\t\t\t\t\t<span class=\"elementor-button-text\">25. me\u0111unarodni festival<\/span>\n\t\t<\/span>\n\t\t\t\t\t<\/a>\n\t\t<\/div>\n\t\t\t\t<\/div>\n\t\t\t\t<\/div>\n\t\t\t\t\t\t<\/div>\n\t\t\t\t\t<\/div>\n\t\t<\/div>\n\t\t\t\t<div class=\"elementor-column elementor-col-50 elementor-inner-column elementor-element elementor-element-4911ade elementor-invisible\" data-id=\"4911ade\" data-element_type=\"column\" data-settings=\"{&quot;background_background&quot;:&quot;classic&quot;,&quot;animation&quot;:&quot;slideInRight&quot;,&quot;animation_mobile&quot;:&quot;fadeIn&quot;}\">\n\t\t\t<div class=\"elementor-column-wrap elementor-element-populated\">\n\t\t\t\t\t\t\t<div class=\"elementor-widget-wrap\">\n\t\t\t\t\t\t<div class=\"elementor-element elementor-element-b4984ae elementor-widget elementor-widget-image\" data-id=\"b4984ae\" data-element_type=\"widget\" data-widget_type=\"image.default\">\n\t\t\t\t<div class=\"elementor-widget-container\">\n\t\t\t\t\t\t\t\t<div class=\"elementor-image\">\n\t\t\t\t\t\t\t\t\t\t\t\t\t<a href=\"https:\/\/www.lepoglava.hr\/festival-cipke\/naslovnica-festival-cipke-lepoglava\/\">\n\t\t\t\t\t\t\t<img decoding=\"async\" src=\"https:\/\/www.lepoglava.hr\/festival-cipke\/wp-content\/uploads\/elementor\/thumbs\/Plakat_25_lc-qb02ie4f1ngas920vz32x0a5t7iv8hldbjyanywo60.jpg\" title=\"Plakat 25. festival Lepoglavske \u010dipke\" alt=\"Plakat 25. festival Lepoglavske \u010dipke\" loading=\"lazy\" \/>\t\t\t\t\t\t\t\t<\/a>\n\t\t\t\t\t\t\t\t\t\t\t\t\t\t<\/div>\n\t\t\t\t\t\t<\/div>\n\t\t\t\t<\/div>\n\t\t\t\t\t\t<\/div>\n\t\t\t\t\t<\/div>\n\t\t<\/div>\n\t\t\t\t\t\t\t\t<\/div>\n\t\t\t\t\t<\/div>\n\t\t<\/section>\n\t\t\t\t<section class=\"elementor-section elementor-inner-section elementor-element elementor-element-eb2406c elementor-hidden-desktop elementor-hidden-tablet elementor-section-boxed elementor-section-height-default elementor-section-height-default\" data-id=\"eb2406c\" data-element_type=\"section\">\n\t\t\t\t\t\t<div class=\"elementor-container elementor-column-gap-default\">\n\t\t\t\t\t\t\t<div class=\"elementor-row\">\n\t\t\t\t\t<div class=\"elementor-column elementor-col-50 elementor-inner-column elementor-element elementor-element-6c8afcc animated-slow elementor-hidden-phone elementor-invisible\" data-id=\"6c8afcc\" data-element_type=\"column\" data-settings=\"{&quot;animation&quot;:&quot;slideInRight&quot;,&quot;animation_mobile&quot;:&quot;fadeIn&quot;}\">\n\t\t\t<div class=\"elementor-column-wrap\">\n\t\t\t\t\t\t\t<div class=\"elementor-widget-wrap\">\n\t\t\t\t\t\t\t\t<\/div>\n\t\t\t\t\t<\/div>\n\t\t<\/div>\n\t\t\t\t<div class=\"elementor-column elementor-col-50 elementor-inner-column elementor-element elementor-element-e71ac49 elementor-invisible\" data-id=\"e71ac49\" data-element_type=\"column\" data-settings=\"{&quot;background_background&quot;:&quot;classic&quot;,&quot;animation&quot;:&quot;slideInRight&quot;,&quot;animation_mobile&quot;:&quot;fadeIn&quot;}\">\n\t\t\t<div class=\"elementor-column-wrap elementor-element-populated\">\n\t\t\t\t\t\t\t<div class=\"elementor-widget-wrap\">\n\t\t\t\t\t\t<div class=\"elementor-element elementor-element-c2df264 elementor-widget elementor-widget-spacer\" data-id=\"c2df264\" data-element_type=\"widget\" data-widget_type=\"spacer.default\">\n\t\t\t\t<div class=\"elementor-widget-container\">\n\t\t\t\t\t<div class=\"elementor-spacer\">\n\t\t\t<div class=\"elementor-spacer-inner\"><\/div>\n\t\t<\/div>\n\t\t\t\t<\/div>\n\t\t\t\t<\/div>\n\t\t\t\t\t\t<\/div>\n\t\t\t\t\t<\/div>\n\t\t<\/div>\n\t\t\t\t\t\t\t\t<\/div>\n\t\t\t\t\t<\/div>\n\t\t<\/section>\n\t\t\t\t\t\t<\/div>\n\t\t\t\t\t<\/div>\n\t\t<\/div>\n\t\t\t\t\t\t\t\t<\/div>\n\t\t\t\t\t<\/div>\n\t\t<\/section>\n\t\t\t\t<section class=\"elementor-section elementor-top-section elementor-element elementor-element-fd7f5e8 elementor-section-boxed elementor-section-height-default elementor-section-height-default\" data-id=\"fd7f5e8\" data-element_type=\"section\">\n\t\t\t\t\t\t<div class=\"elementor-container elementor-column-gap-default\">\n\t\t\t\t\t\t\t<div class=\"elementor-row\">\n\t\t\t\t\t<div class=\"elementor-column elementor-col-50 elementor-top-column elementor-element elementor-element-d053dfb\" data-id=\"d053dfb\" data-element_type=\"column\">\n\t\t\t<div class=\"elementor-column-wrap elementor-element-populated\">\n\t\t\t\t\t\t\t<div class=\"elementor-widget-wrap\">\n\t\t\t\t\t\t<div class=\"elementor-element elementor-element-bccbd39 elementor-widget elementor-widget-image\" data-id=\"bccbd39\" data-element_type=\"widget\" data-widget_type=\"image.default\">\n\t\t\t\t<div class=\"elementor-widget-container\">\n\t\t\t\t\t\t\t\t<div class=\"elementor-image\">\n\t\t\t\t\t\t\t\t\t\t\t\t<img decoding=\"async\" width=\"600\" height=\"607\" src=\"https:\/\/www.lepoglava.hr\/festival-cipke\/wp-content\/uploads\/2021\/08\/broessler_repro_052020_73_repro-by-godar.jpg\" class=\"attachment-medium_large size-medium_large wp-image-1650\" alt=\"\" loading=\"lazy\" srcset=\"https:\/\/www.lepoglava.hr\/festival-cipke\/wp-content\/uploads\/2021\/08\/broessler_repro_052020_73_repro-by-godar.jpg 600w, https:\/\/www.lepoglava.hr\/festival-cipke\/wp-content\/uploads\/2021\/08\/broessler_repro_052020_73_repro-by-godar-297x300.jpg 297w\" sizes=\"(max-width: 600px) 100vw, 600px\" \/>\t\t\t\t\t\t\t\t\t\t\t\t\t\t<\/div>\n\t\t\t\t\t\t<\/div>\n\t\t\t\t<\/div>\n\t\t\t\t\t\t<\/div>\n\t\t\t\t\t<\/div>\n\t\t<\/div>\n\t\t\t\t<div class=\"elementor-column elementor-col-50 elementor-top-column elementor-element elementor-element-be93082\" data-id=\"be93082\" data-element_type=\"column\">\n\t\t\t<div class=\"elementor-column-wrap elementor-element-populated\">\n\t\t\t\t\t\t\t<div class=\"elementor-widget-wrap\">\n\t\t\t\t\t\t<div class=\"elementor-element elementor-element-011e0c6 elementor-widget elementor-widget-text-editor\" data-id=\"011e0c6\" data-element_type=\"widget\" data-widget_type=\"text-editor.default\">\n\t\t\t\t<div class=\"elementor-widget-container\">\n\t\t\t\t\t\t\t\t<div class=\"elementor-text-editor elementor-clearfix\">\n\t\t\t\t<p>Centralnoj izlo\u017ebi pridru\u017eiti \u0107e se i Klub filatelista iz Vara\u017edina sa izlo\u017ebom presjeka 24 me\u0111unarodna festivala \u010dipke u Lepoglavi i to prigodne koverte, prigodni \u017eigovi, zastave i grbova u\u010desnika pro\u0161lih festivala.<\/p><p>Osim izlo\u017ebi u prostorijama Pavlinskog samostana gdje \u0107e se uz zajedni\u010dku izlo\u017ebu predstaviti i pojedina\u010dno inozemni gosti,\u00a0 u Domu kulture mo\u0107i \u0107e se razgledati bogatstvo \u010dipke hrvatskih \u010dipkarskih centara, radovi djece na temu \u010dipke iz dje\u010djih vrti\u0107a i osnovnih \u0161kola s podru\u010dja grada Lepoglave, lepoglavska \u010dipka u Galeriji \u010dipke te izlo\u017eba Udruge Ekomuzej Lepoglava.<\/p><p>Ovogodi\u0161nja zemlja partner Ma\u0111arska pokazati \u0107e nam svo svoje \u010dipkarsko bogatstvo i tradiciju\u00a0 kroz izlo\u017ebu koja \u0107e biti postavljena u prostorijama Pavlinskog samostana<\/p>\t\t\t\t\t<\/div>\n\t\t\t\t\t\t<\/div>\n\t\t\t\t<\/div>\n\t\t\t\t\t\t<\/div>\n\t\t\t\t\t<\/div>\n\t\t<\/div>\n\t\t\t\t\t\t\t\t<\/div>\n\t\t\t\t\t<\/div>\n\t\t<\/section>\n\t\t\t\t\t\t\t\t\t<\/div>\n\t\t\t<\/div>\n\t\t\t\t\t<\/div>\n\t\t","protected":false},"excerpt":{"rendered":"<p>25. me\u0111unarodni festival \u010dipke, Lepoglava Ovogodi\u0161nji 25. Me\u0111unarodni festival \u010dipke u Lepoglavi odr\u017eava se od 10 do 12. rujna Me\u0111unarodni &hellip;<\/p>\n<p class=\"read-more\"> <a class=\"\" href=\"https:\/\/www.lepoglava.hr\/festival-cipke\/naslovnica-festival-cipke-lepoglava\/\"> <span class=\"screen-reader-text\">25. me\u0111unarodni festival \u010dipke<\/span> Vi\u0161e \u00bb<\/a><\/p>\n","protected":false},"author":4,"featured_media":0,"parent":0,"menu_order":0,"comment_status":"closed","ping_status":"closed","template":"elementor_header_footer","meta":{"site-sidebar-layout":"no-sidebar","site-content-layout":"page-builder","ast-global-header-display":"","ast-banner-title-visibility":"","ast-main-header-display":"","ast-hfb-above-header-display":"","ast-hfb-below-header-display":"","ast-hfb-mobile-header-display":"","site-post-title":"disabled","ast-breadcrumbs-content":"","ast-featured-img":"disabled","footer-sml-layout":"","theme-transparent-header-meta":"disabled","adv-header-id-meta":"","stick-header-meta":"default","header-above-stick-meta":"","header-main-stick-meta":"","header-below-stick-meta":"","pgc_sgb_lightbox_settings":""},"yoast_head":"<!-- This site is optimized with the Yoast SEO plugin v20.11 - https:\/\/yoast.com\/wordpress\/plugins\/seo\/ -->\n<title>Virtualni 29. me\u0111unarodni festival \u010dipke - Lepoglava, 11. - 30. rujan 2020.<\/title>\n<meta name=\"description\" content=\"Ovogodi\u0161nji 24. Me\u0111unarodni festival \u010dipke (\u010dipkarski festival)- Lepoglava odr\u017eava se u virtualnom obliku, no i najdu\u017ee do sada \u2013 od 11. do 30. rujna\" \/>\n<meta name=\"robots\" content=\"index, follow, max-snippet:-1, max-image-preview:large, max-video-preview:-1\" \/>\n<link rel=\"canonical\" href=\"https:\/\/www.lepoglava.hr\/festival-cipke\/naslovnica-festival-cipke-lepoglava\/\" \/>\n<meta property=\"og:locale\" content=\"hr_HR\" \/>\n<meta property=\"og:type\" content=\"article\" \/>\n<meta property=\"og:title\" content=\"Virtualni 29. me\u0111unarodni festival \u010dipke - Lepoglava, 11. - 30. rujan 2020.\" \/>\n<meta property=\"og:description\" content=\"Ovogodi\u0161nji 24. Me\u0111unarodni festival \u010dipke (\u010dipkarski festival)- Lepoglava odr\u017eava se u virtualnom obliku, no i najdu\u017ee do sada \u2013 od 11. do 30. rujna\" \/>\n<meta property=\"og:url\" content=\"https:\/\/www.lepoglava.hr\/festival-cipke\/naslovnica-festival-cipke-lepoglava\/\" \/>\n<meta property=\"og:site_name\" content=\"29. me\u0111unarodni festival \u010dipke\" \/>\n<meta property=\"article:modified_time\" content=\"2021-09-06T05:59:25+00:00\" \/>\n<meta property=\"og:image\" content=\"https:\/\/www.lepoglava.hr\/festival-cipke\/wp-content\/uploads\/elementor\/thumbs\/Plakat_25_lc-pba65pyqxetakn4fh0lx67bzn5i5yh62g9uf99ndco.jpg\" \/>\n<meta name=\"twitter:card\" content=\"summary_large_image\" \/>\n<meta name=\"twitter:label1\" content=\"Procijenjeno vrijeme \u010ditanja\" \/>\n\t<meta name=\"twitter:data1\" content=\"2 minute\" \/>\n<script type=\"application\/ld+json\" class=\"yoast-schema-graph\">{\"@context\":\"https:\/\/schema.org\",\"@graph\":[{\"@type\":\"WebPage\",\"@id\":\"https:\/\/www.lepoglava.hr\/festival-cipke\/naslovnica-festival-cipke-lepoglava\/\",\"url\":\"https:\/\/www.lepoglava.hr\/festival-cipke\/naslovnica-festival-cipke-lepoglava\/\",\"name\":\"Virtualni 29. me\u0111unarodni festival \u010dipke - Lepoglava, 11. - 30. rujan 2020.\",\"isPartOf\":{\"@id\":\"https:\/\/www.lepoglava.hr\/festival-cipke\/#website\"},\"datePublished\":\"2020-08-11T14:40:12+00:00\",\"dateModified\":\"2021-09-06T05:59:25+00:00\",\"description\":\"Ovogodi\u0161nji 24. Me\u0111unarodni festival \u010dipke (\u010dipkarski festival)- Lepoglava odr\u017eava se u virtualnom obliku, no i najdu\u017ee do sada \u2013 od 11. do 30. rujna\",\"breadcrumb\":{\"@id\":\"https:\/\/www.lepoglava.hr\/festival-cipke\/naslovnica-festival-cipke-lepoglava\/#breadcrumb\"},\"inLanguage\":\"hr\",\"potentialAction\":[{\"@type\":\"ReadAction\",\"target\":[\"https:\/\/www.lepoglava.hr\/festival-cipke\/naslovnica-festival-cipke-lepoglava\/\"]}]},{\"@type\":\"BreadcrumbList\",\"@id\":\"https:\/\/www.lepoglava.hr\/festival-cipke\/naslovnica-festival-cipke-lepoglava\/#breadcrumb\",\"itemListElement\":[{\"@type\":\"ListItem\",\"position\":1,\"name\":\"Po\u010detna stranica\",\"item\":\"https:\/\/www.lepoglava.hr\/festival-cipke\/\"},{\"@type\":\"ListItem\",\"position\":2,\"name\":\"25. me\u0111unarodni festival \u010dipke\"}]},{\"@type\":\"WebSite\",\"@id\":\"https:\/\/www.lepoglava.hr\/festival-cipke\/#website\",\"url\":\"https:\/\/www.lepoglava.hr\/festival-cipke\/\",\"name\":\"29. me\u0111unarodni festival \u010dipke\",\"description\":\"29. me\u0111unarodni festival \u010dipke - Lepoglava\",\"publisher\":{\"@id\":\"https:\/\/www.lepoglava.hr\/festival-cipke\/#organization\"},\"potentialAction\":[{\"@type\":\"SearchAction\",\"target\":{\"@type\":\"EntryPoint\",\"urlTemplate\":\"https:\/\/www.lepoglava.hr\/festival-cipke\/?s={search_term_string}\"},\"query-input\":\"required name=search_term_string\"}],\"inLanguage\":\"hr\"},{\"@type\":\"Organization\",\"@id\":\"https:\/\/www.lepoglava.hr\/festival-cipke\/#organization\",\"name\":\"Grad Lepoglava\",\"url\":\"https:\/\/www.lepoglava.hr\/festival-cipke\/\",\"logo\":{\"@type\":\"ImageObject\",\"inLanguage\":\"hr\",\"@id\":\"https:\/\/www.lepoglava.hr\/festival-cipke\/#\/schema\/logo\/image\/\",\"url\":\"https:\/\/www.lepoglava.hr\/festival-cipke\/wp-content\/uploads\/2020\/08\/lepoglava-logo.png\",\"contentUrl\":\"https:\/\/www.lepoglava.hr\/festival-cipke\/wp-content\/uploads\/2020\/08\/lepoglava-logo.png\",\"width\":202,\"height\":58,\"caption\":\"Grad Lepoglava\"},\"image\":{\"@id\":\"https:\/\/www.lepoglava.hr\/festival-cipke\/#\/schema\/logo\/image\/\"}}]}<\/script>\n<!-- \/ Yoast SEO plugin. -->","yoast_head_json":{"title":"Virtualni 29. me\u0111unarodni festival \u010dipke - Lepoglava, 11. - 30. rujan 2020.","description":"Ovogodi\u0161nji 24. Me\u0111unarodni festival \u010dipke (\u010dipkarski festival)- Lepoglava odr\u017eava se u virtualnom obliku, no i najdu\u017ee do sada \u2013 od 11. do 30. rujna","robots":{"index":"index","follow":"follow","max-snippet":"max-snippet:-1","max-image-preview":"max-image-preview:large","max-video-preview":"max-video-preview:-1"},"canonical":"https:\/\/www.lepoglava.hr\/festival-cipke\/naslovnica-festival-cipke-lepoglava\/","og_locale":"hr_HR","og_type":"article","og_title":"Virtualni 29. me\u0111unarodni festival \u010dipke - Lepoglava, 11. - 30. rujan 2020.","og_description":"Ovogodi\u0161nji 24. Me\u0111unarodni festival \u010dipke (\u010dipkarski festival)- Lepoglava odr\u017eava se u virtualnom obliku, no i najdu\u017ee do sada \u2013 od 11. do 30. rujna","og_url":"https:\/\/www.lepoglava.hr\/festival-cipke\/naslovnica-festival-cipke-lepoglava\/","og_site_name":"29. me\u0111unarodni festival \u010dipke","article_modified_time":"2021-09-06T05:59:25+00:00","og_image":[{"url":"https:\/\/www.lepoglava.hr\/festival-cipke\/wp-content\/uploads\/elementor\/thumbs\/Plakat_25_lc-pba65pyqxetakn4fh0lx67bzn5i5yh62g9uf99ndco.jpg"}],"twitter_card":"summary_large_image","twitter_misc":{"Procijenjeno vrijeme \u010ditanja":"2 minute"},"schema":{"@context":"https:\/\/schema.org","@graph":[{"@type":"WebPage","@id":"https:\/\/www.lepoglava.hr\/festival-cipke\/naslovnica-festival-cipke-lepoglava\/","url":"https:\/\/www.lepoglava.hr\/festival-cipke\/naslovnica-festival-cipke-lepoglava\/","name":"Virtualni 29. me\u0111unarodni festival \u010dipke - Lepoglava, 11. - 30. rujan 2020.","isPartOf":{"@id":"https:\/\/www.lepoglava.hr\/festival-cipke\/#website"},"datePublished":"2020-08-11T14:40:12+00:00","dateModified":"2021-09-06T05:59:25+00:00","description":"Ovogodi\u0161nji 24. Me\u0111unarodni festival \u010dipke (\u010dipkarski festival)- Lepoglava odr\u017eava se u virtualnom obliku, no i najdu\u017ee do sada \u2013 od 11. do 30. rujna","breadcrumb":{"@id":"https:\/\/www.lepoglava.hr\/festival-cipke\/naslovnica-festival-cipke-lepoglava\/#breadcrumb"},"inLanguage":"hr","potentialAction":[{"@type":"ReadAction","target":["https:\/\/www.lepoglava.hr\/festival-cipke\/naslovnica-festival-cipke-lepoglava\/"]}]},{"@type":"BreadcrumbList","@id":"https:\/\/www.lepoglava.hr\/festival-cipke\/naslovnica-festival-cipke-lepoglava\/#breadcrumb","itemListElement":[{"@type":"ListItem","position":1,"name":"Po\u010detna stranica","item":"https:\/\/www.lepoglava.hr\/festival-cipke\/"},{"@type":"ListItem","position":2,"name":"25. me\u0111unarodni festival \u010dipke"}]},{"@type":"WebSite","@id":"https:\/\/www.lepoglava.hr\/festival-cipke\/#website","url":"https:\/\/www.lepoglava.hr\/festival-cipke\/","name":"29. me\u0111unarodni festival \u010dipke","description":"29. me\u0111unarodni festival \u010dipke - Lepoglava","publisher":{"@id":"https:\/\/www.lepoglava.hr\/festival-cipke\/#organization"},"potentialAction":[{"@type":"SearchAction","target":{"@type":"EntryPoint","urlTemplate":"https:\/\/www.lepoglava.hr\/festival-cipke\/?s={search_term_string}"},"query-input":"required name=search_term_string"}],"inLanguage":"hr"},{"@type":"Organization","@id":"https:\/\/www.lepoglava.hr\/festival-cipke\/#organization","name":"Grad Lepoglava","url":"https:\/\/www.lepoglava.hr\/festival-cipke\/","logo":{"@type":"ImageObject","inLanguage":"hr","@id":"https:\/\/www.lepoglava.hr\/festival-cipke\/#\/schema\/logo\/image\/","url":"https:\/\/www.lepoglava.hr\/festival-cipke\/wp-content\/uploads\/2020\/08\/lepoglava-logo.png","contentUrl":"https:\/\/www.lepoglava.hr\/festival-cipke\/wp-content\/uploads\/2020\/08\/lepoglava-logo.png","width":202,"height":58,"caption":"Grad Lepoglava"},"image":{"@id":"https:\/\/www.lepoglava.hr\/festival-cipke\/#\/schema\/logo\/image\/"}}]}},"_links":{"self":[{"href":"https:\/\/www.lepoglava.hr\/festival-cipke\/wp-json\/wp\/v2\/pages\/10"}],"collection":[{"href":"https:\/\/www.lepoglava.hr\/festival-cipke\/wp-json\/wp\/v2\/pages"}],"about":[{"href":"https:\/\/www.lepoglava.hr\/festival-cipke\/wp-json\/wp\/v2\/types\/page"}],"author":[{"embeddable":true,"href":"https:\/\/www.lepoglava.hr\/festival-cipke\/wp-json\/wp\/v2\/users\/4"}],"replies":[{"embeddable":true,"href":"https:\/\/www.lepoglava.hr\/festival-cipke\/wp-json\/wp\/v2\/comments?post=10"}],"version-history":[{"count":52,"href":"https:\/\/www.lepoglava.hr\/festival-cipke\/wp-json\/wp\/v2\/pages\/10\/revisions"}],"predecessor-version":[{"id":1773,"href":"https:\/\/www.lepoglava.hr\/festival-cipke\/wp-json\/wp\/v2\/pages\/10\/revisions\/1773"}],"wp:attachment":[{"href":"https:\/\/www.lepoglava.hr\/festival-cipke\/wp-json\/wp\/v2\/media?parent=10"}],"curies":[{"name":"wp","href":"https:\/\/api.w.org\/{rel}","templated":true}]}}