{"id":1561,"date":"2020-09-11T06:34:13","date_gmt":"2020-09-11T06:34:13","guid":{"rendered":"https:\/\/www.lepoglava.hr\/festival-cipke\/?page_id=1561"},"modified":"2020-09-11T06:36:34","modified_gmt":"2020-09-11T06:36:34","slug":"kulturna-bastina-i-obrazovanje-djecji-vrtic-lepoglava","status":"publish","type":"page","link":"https:\/\/www.lepoglava.hr\/festival-cipke\/kulturna-bastina-i-obrazovanje-djecji-vrtic-lepoglava\/","title":{"rendered":"Kulturna ba\u0161tina i obrazovanje &#8211; dje\u010dji vrti\u0107 Lepoglava"},"content":{"rendered":"\t\t<div data-elementor-type=\"wp-page\" data-elementor-id=\"1561\" class=\"elementor elementor-1561\">\n\t\t\t\t\t\t<div class=\"elementor-inner\">\n\t\t\t\t<div class=\"elementor-section-wrap\">\n\t\t\t\t\t\t\t\t\t<section class=\"elementor-section elementor-top-section elementor-element elementor-element-54f7aa26 elementor-hidden-phone elementor-section-boxed elementor-section-height-default elementor-section-height-default\" data-id=\"54f7aa26\" data-element_type=\"section\">\n\t\t\t\t\t\t<div class=\"elementor-container elementor-column-gap-no\">\n\t\t\t\t\t\t\t<div class=\"elementor-row\">\n\t\t\t\t\t<div class=\"elementor-column elementor-col-100 elementor-top-column elementor-element elementor-element-4f950301\" data-id=\"4f950301\" data-element_type=\"column\">\n\t\t\t<div class=\"elementor-column-wrap elementor-element-populated\">\n\t\t\t\t\t\t\t<div class=\"elementor-widget-wrap\">\n\t\t\t\t\t\t<section class=\"elementor-section elementor-inner-section elementor-element elementor-element-623c81db elementor-section-boxed elementor-section-height-default elementor-section-height-default\" data-id=\"623c81db\" data-element_type=\"section\">\n\t\t\t\t\t\t<div class=\"elementor-container elementor-column-gap-no\">\n\t\t\t\t\t\t\t<div class=\"elementor-row\">\n\t\t\t\t\t<div class=\"elementor-column elementor-col-33 elementor-inner-column elementor-element elementor-element-433fa0fd\" data-id=\"433fa0fd\" data-element_type=\"column\">\n\t\t\t<div class=\"elementor-column-wrap elementor-element-populated\">\n\t\t\t\t\t\t\t<div class=\"elementor-widget-wrap\">\n\t\t\t\t\t\t<div class=\"elementor-element elementor-element-5fa312c3 elementor-widget elementor-widget-image\" data-id=\"5fa312c3\" data-element_type=\"widget\" data-widget_type=\"image.default\">\n\t\t\t\t<div class=\"elementor-widget-container\">\n\t\t\t\t\t\t\t\t<div class=\"elementor-image\">\n\t\t\t\t\t\t\t\t\t\t\t\t<img decoding=\"async\" src=\"https:\/\/www.lepoglava.hr\/festival-cipke\/wp-content\/uploads\/elementor\/thumbs\/Croatianrevsinglecolour-01-qb02ie4as5nxgchixo1aq2kvlr3v0idku1ng3mfxhs.png\" title=\"Croatianrevsinglecolour-01\" alt=\"Croatianrevsinglecolour-01\" loading=\"lazy\" \/>\t\t\t\t\t\t\t\t\t\t\t\t\t\t<\/div>\n\t\t\t\t\t\t<\/div>\n\t\t\t\t<\/div>\n\t\t\t\t\t\t<\/div>\n\t\t\t\t\t<\/div>\n\t\t<\/div>\n\t\t\t\t<div class=\"elementor-column elementor-col-33 elementor-inner-column elementor-element elementor-element-12c8a972\" data-id=\"12c8a972\" data-element_type=\"column\">\n\t\t\t<div class=\"elementor-column-wrap elementor-element-populated\">\n\t\t\t\t\t\t\t<div class=\"elementor-widget-wrap\">\n\t\t\t\t\t\t<div class=\"elementor-element elementor-element-6bf692de elementor-widget elementor-widget-heading\" data-id=\"6bf692de\" data-element_type=\"widget\" data-widget_type=\"heading.default\">\n\t\t\t\t<div class=\"elementor-widget-container\">\n\t\t\t<h2 class=\"elementor-heading-title elementor-size-default\">Dani europske ba\u0161tine<\/h2>\t\t<\/div>\n\t\t\t\t<\/div>\n\t\t\t\t\t\t<\/div>\n\t\t\t\t\t<\/div>\n\t\t<\/div>\n\t\t\t\t<div class=\"elementor-column elementor-col-33 elementor-inner-column elementor-element elementor-element-347069c4\" data-id=\"347069c4\" data-element_type=\"column\">\n\t\t\t<div class=\"elementor-column-wrap elementor-element-populated\">\n\t\t\t\t\t\t\t<div class=\"elementor-widget-wrap\">\n\t\t\t\t\t\t<div class=\"elementor-element elementor-element-740c5403 elementor-widget elementor-widget-image\" data-id=\"740c5403\" data-element_type=\"widget\" data-widget_type=\"image.default\">\n\t\t\t\t<div class=\"elementor-widget-container\">\n\t\t\t\t\t\t\t\t<div class=\"elementor-image\">\n\t\t\t\t\t\t\t\t\t\t\t\t<img decoding=\"async\" src=\"https:\/\/www.lepoglava.hr\/festival-cipke\/wp-content\/uploads\/elementor\/thumbs\/EHD-Education-logo-2020-rev-qb02ld9wf9qm7w5vjycrmbjfbofpe06z8s0st611sg.png\" title=\"EHD Education logo 2020 rev\" alt=\"EHD Education logo 2020 rev\" loading=\"lazy\" \/>\t\t\t\t\t\t\t\t\t\t\t\t\t\t<\/div>\n\t\t\t\t\t\t<\/div>\n\t\t\t\t<\/div>\n\t\t\t\t\t\t<\/div>\n\t\t\t\t\t<\/div>\n\t\t<\/div>\n\t\t\t\t\t\t\t\t<\/div>\n\t\t\t\t\t<\/div>\n\t\t<\/section>\n\t\t\t\t\t\t<\/div>\n\t\t\t\t\t<\/div>\n\t\t<\/div>\n\t\t\t\t\t\t\t\t<\/div>\n\t\t\t\t\t<\/div>\n\t\t<\/section>\n\t\t\t\t<section class=\"elementor-section elementor-top-section elementor-element elementor-element-63249b7a elementor-hidden-desktop elementor-hidden-tablet elementor-section-boxed elementor-section-height-default elementor-section-height-default\" data-id=\"63249b7a\" data-element_type=\"section\">\n\t\t\t\t\t\t<div class=\"elementor-container elementor-column-gap-no\">\n\t\t\t\t\t\t\t<div class=\"elementor-row\">\n\t\t\t\t\t<div class=\"elementor-column elementor-col-100 elementor-top-column elementor-element elementor-element-1583fa37\" data-id=\"1583fa37\" data-element_type=\"column\">\n\t\t\t<div class=\"elementor-column-wrap elementor-element-populated\">\n\t\t\t\t\t\t\t<div class=\"elementor-widget-wrap\">\n\t\t\t\t\t\t<div class=\"elementor-element elementor-element-7c18e884 elementor-widget elementor-widget-heading\" data-id=\"7c18e884\" data-element_type=\"widget\" data-widget_type=\"heading.default\">\n\t\t\t\t<div class=\"elementor-widget-container\">\n\t\t\t<h2 class=\"elementor-heading-title elementor-size-default\">Dani europske ba\u0161tine<\/h2>\t\t<\/div>\n\t\t\t\t<\/div>\n\t\t\t\t<section class=\"elementor-section elementor-inner-section elementor-element elementor-element-7d0f4d0d elementor-section-boxed elementor-section-height-default elementor-section-height-default\" data-id=\"7d0f4d0d\" data-element_type=\"section\">\n\t\t\t\t\t\t<div class=\"elementor-container elementor-column-gap-no\">\n\t\t\t\t\t\t\t<div class=\"elementor-row\">\n\t\t\t\t\t<div class=\"elementor-column elementor-col-33 elementor-inner-column elementor-element elementor-element-1de3c16d\" data-id=\"1de3c16d\" data-element_type=\"column\">\n\t\t\t<div class=\"elementor-column-wrap elementor-element-populated\">\n\t\t\t\t\t\t\t<div class=\"elementor-widget-wrap\">\n\t\t\t\t\t\t<div class=\"elementor-element elementor-element-379fa03a elementor-widget elementor-widget-image\" data-id=\"379fa03a\" data-element_type=\"widget\" data-widget_type=\"image.default\">\n\t\t\t\t<div class=\"elementor-widget-container\">\n\t\t\t\t\t\t\t\t<div class=\"elementor-image\">\n\t\t\t\t\t\t\t\t\t\t\t\t<img decoding=\"async\" src=\"https:\/\/www.lepoglava.hr\/festival-cipke\/wp-content\/uploads\/elementor\/thumbs\/Croatianrevsinglecolour-01-qb02ie4as5nxgchixo1aq2kvlr3v0idku1ng3mfxhs.png\" title=\"Croatianrevsinglecolour-01\" alt=\"Croatianrevsinglecolour-01\" loading=\"lazy\" \/>\t\t\t\t\t\t\t\t\t\t\t\t\t\t<\/div>\n\t\t\t\t\t\t<\/div>\n\t\t\t\t<\/div>\n\t\t\t\t\t\t<\/div>\n\t\t\t\t\t<\/div>\n\t\t<\/div>\n\t\t\t\t<div class=\"elementor-column elementor-col-33 elementor-inner-column elementor-element elementor-element-6a37a4be\" data-id=\"6a37a4be\" data-element_type=\"column\">\n\t\t\t<div class=\"elementor-column-wrap elementor-element-populated\">\n\t\t\t\t\t\t\t<div class=\"elementor-widget-wrap\">\n\t\t\t\t\t\t<div class=\"elementor-element elementor-element-47de8093 elementor-widget elementor-widget-image\" data-id=\"47de8093\" data-element_type=\"widget\" data-widget_type=\"image.default\">\n\t\t\t\t<div class=\"elementor-widget-container\">\n\t\t\t\t\t\t\t\t<div class=\"elementor-image\">\n\t\t\t\t\t\t\t\t\t\t\t\t<img decoding=\"async\" src=\"https:\/\/www.lepoglava.hr\/festival-cipke\/wp-content\/uploads\/elementor\/thumbs\/EHD-Education-logo-2020-rev-qb02ld9wf9qm7w5vjycrmbjfbofpe06z8s0st611sg.png\" title=\"EHD Education logo 2020 rev\" alt=\"EHD Education logo 2020 rev\" loading=\"lazy\" \/>\t\t\t\t\t\t\t\t\t\t\t\t\t\t<\/div>\n\t\t\t\t\t\t<\/div>\n\t\t\t\t<\/div>\n\t\t\t\t\t\t<\/div>\n\t\t\t\t\t<\/div>\n\t\t<\/div>\n\t\t\t\t<div class=\"elementor-column elementor-col-33 elementor-inner-column elementor-element elementor-element-37231096\" data-id=\"37231096\" data-element_type=\"column\">\n\t\t\t<div class=\"elementor-column-wrap\">\n\t\t\t\t\t\t\t<div class=\"elementor-widget-wrap\">\n\t\t\t\t\t\t\t\t<\/div>\n\t\t\t\t\t<\/div>\n\t\t<\/div>\n\t\t\t\t\t\t\t\t<\/div>\n\t\t\t\t\t<\/div>\n\t\t<\/section>\n\t\t\t\t\t\t<\/div>\n\t\t\t\t\t<\/div>\n\t\t<\/div>\n\t\t\t\t\t\t\t\t<\/div>\n\t\t\t\t\t<\/div>\n\t\t<\/section>\n\t\t\t\t<section class=\"elementor-section elementor-top-section elementor-element elementor-element-312b564d elementor-hidden-phone elementor-section-boxed elementor-section-height-default elementor-section-height-default\" data-id=\"312b564d\" data-element_type=\"section\">\n\t\t\t\t\t\t<div class=\"elementor-container elementor-column-gap-default\">\n\t\t\t\t\t\t\t<div class=\"elementor-row\">\n\t\t\t\t\t<div class=\"elementor-column elementor-col-100 elementor-top-column elementor-element elementor-element-5bd0a76d\" data-id=\"5bd0a76d\" data-element_type=\"column\">\n\t\t\t<div class=\"elementor-column-wrap elementor-element-populated\">\n\t\t\t\t\t\t\t<div class=\"elementor-widget-wrap\">\n\t\t\t\t\t\t<div class=\"elementor-element elementor-element-6c67c952 elementor-widget elementor-widget-html\" data-id=\"6c67c952\" data-element_type=\"widget\" data-widget_type=\"html.default\">\n\t\t\t\t<div class=\"elementor-widget-container\">\n\t\t\t<embed src=\"https:\/\/www.lepoglava.hr\/festival-cipke\/wp-content\/uploads\/2020\/09\/Kulturna-bastina-i-obrazovanje-projekt-Djeceg-vrtica-Lepoglava.pdf\" type=\"application\/pdf\" width=\"100%\" height=\"800\">\t\t<\/div>\n\t\t\t\t<\/div>\n\t\t\t\t\t\t<\/div>\n\t\t\t\t\t<\/div>\n\t\t<\/div>\n\t\t\t\t\t\t\t\t<\/div>\n\t\t\t\t\t<\/div>\n\t\t<\/section>\n\t\t\t\t\t\t\t\t\t<\/div>\n\t\t\t<\/div>\n\t\t\t\t\t<\/div>\n\t\t","protected":false},"excerpt":{"rendered":"<p>Dani europske ba\u0161tine Dani europske ba\u0161tine<\/p>\n","protected":false},"author":4,"featured_media":0,"parent":0,"menu_order":0,"comment_status":"closed","ping_status":"closed","template":"","meta":{"site-sidebar-layout":"no-sidebar","site-content-layout":"page-builder","ast-global-header-display":"","ast-banner-title-visibility":"","ast-main-header-display":"","ast-hfb-above-header-display":"","ast-hfb-below-header-display":"","ast-hfb-mobile-header-display":"","site-post-title":"disabled","ast-breadcrumbs-content":"","ast-featured-img":"disabled","footer-sml-layout":"","theme-transparent-header-meta":"default","adv-header-id-meta":"","stick-header-meta":"default","header-above-stick-meta":"","header-main-stick-meta":"","header-below-stick-meta":"","pgc_sgb_lightbox_settings":""},"yoast_head":"<!-- This site is optimized with the Yoast SEO plugin v20.11 - https:\/\/yoast.com\/wordpress\/plugins\/seo\/ -->\n<title>Kulturna ba\u0161tina i obrazovanje - dje\u010dji vrti\u0107 Lepoglava - 29. me\u0111unarodni festival \u010dipke<\/title>\n<meta name=\"robots\" content=\"index, follow, max-snippet:-1, max-image-preview:large, max-video-preview:-1\" \/>\n<link rel=\"canonical\" href=\"https:\/\/www.lepoglava.hr\/festival-cipke\/kulturna-bastina-i-obrazovanje-djecji-vrtic-lepoglava\/\" \/>\n<meta property=\"og:locale\" content=\"hr_HR\" \/>\n<meta property=\"og:type\" content=\"article\" \/>\n<meta property=\"og:title\" content=\"Kulturna ba\u0161tina i obrazovanje - dje\u010dji vrti\u0107 Lepoglava - 29. me\u0111unarodni festival \u010dipke\" \/>\n<meta property=\"og:description\" content=\"Dani europske ba\u0161tine Dani europske ba\u0161tine\" \/>\n<meta property=\"og:url\" content=\"https:\/\/www.lepoglava.hr\/festival-cipke\/kulturna-bastina-i-obrazovanje-djecji-vrtic-lepoglava\/\" \/>\n<meta property=\"og:site_name\" content=\"29. me\u0111unarodni festival \u010dipke\" \/>\n<meta property=\"article:modified_time\" content=\"2020-09-11T06:36:34+00:00\" \/>\n<meta property=\"og:image\" content=\"https:\/\/www.lepoglava.hr\/festival-cipke\/wp-content\/uploads\/elementor\/thumbs\/Croatianrevsinglecolour-01-ov7t9443900i1djaagzk099326haue25dt9tc2b0i8.png\" \/>\n<meta name=\"twitter:card\" content=\"summary_large_image\" \/>\n<script type=\"application\/ld+json\" class=\"yoast-schema-graph\">{\"@context\":\"https:\/\/schema.org\",\"@graph\":[{\"@type\":\"WebPage\",\"@id\":\"https:\/\/www.lepoglava.hr\/festival-cipke\/kulturna-bastina-i-obrazovanje-djecji-vrtic-lepoglava\/\",\"url\":\"https:\/\/www.lepoglava.hr\/festival-cipke\/kulturna-bastina-i-obrazovanje-djecji-vrtic-lepoglava\/\",\"name\":\"Kulturna ba\u0161tina i obrazovanje - dje\u010dji vrti\u0107 Lepoglava - 29. me\u0111unarodni festival \u010dipke\",\"isPartOf\":{\"@id\":\"https:\/\/www.lepoglava.hr\/festival-cipke\/#website\"},\"datePublished\":\"2020-09-11T06:34:13+00:00\",\"dateModified\":\"2020-09-11T06:36:34+00:00\",\"breadcrumb\":{\"@id\":\"https:\/\/www.lepoglava.hr\/festival-cipke\/kulturna-bastina-i-obrazovanje-djecji-vrtic-lepoglava\/#breadcrumb\"},\"inLanguage\":\"hr\",\"potentialAction\":[{\"@type\":\"ReadAction\",\"target\":[\"https:\/\/www.lepoglava.hr\/festival-cipke\/kulturna-bastina-i-obrazovanje-djecji-vrtic-lepoglava\/\"]}]},{\"@type\":\"BreadcrumbList\",\"@id\":\"https:\/\/www.lepoglava.hr\/festival-cipke\/kulturna-bastina-i-obrazovanje-djecji-vrtic-lepoglava\/#breadcrumb\",\"itemListElement\":[{\"@type\":\"ListItem\",\"position\":1,\"name\":\"Po\u010detna stranica\",\"item\":\"https:\/\/www.lepoglava.hr\/festival-cipke\/\"},{\"@type\":\"ListItem\",\"position\":2,\"name\":\"Kulturna ba\u0161tina i obrazovanje &#8211; dje\u010dji vrti\u0107 Lepoglava\"}]},{\"@type\":\"WebSite\",\"@id\":\"https:\/\/www.lepoglava.hr\/festival-cipke\/#website\",\"url\":\"https:\/\/www.lepoglava.hr\/festival-cipke\/\",\"name\":\"29. me\u0111unarodni festival \u010dipke\",\"description\":\"29. me\u0111unarodni festival \u010dipke - Lepoglava\",\"publisher\":{\"@id\":\"https:\/\/www.lepoglava.hr\/festival-cipke\/#organization\"},\"potentialAction\":[{\"@type\":\"SearchAction\",\"target\":{\"@type\":\"EntryPoint\",\"urlTemplate\":\"https:\/\/www.lepoglava.hr\/festival-cipke\/?s={search_term_string}\"},\"query-input\":\"required name=search_term_string\"}],\"inLanguage\":\"hr\"},{\"@type\":\"Organization\",\"@id\":\"https:\/\/www.lepoglava.hr\/festival-cipke\/#organization\",\"name\":\"Grad Lepoglava\",\"url\":\"https:\/\/www.lepoglava.hr\/festival-cipke\/\",\"logo\":{\"@type\":\"ImageObject\",\"inLanguage\":\"hr\",\"@id\":\"https:\/\/www.lepoglava.hr\/festival-cipke\/#\/schema\/logo\/image\/\",\"url\":\"https:\/\/www.lepoglava.hr\/festival-cipke\/wp-content\/uploads\/2020\/08\/lepoglava-logo.png\",\"contentUrl\":\"https:\/\/www.lepoglava.hr\/festival-cipke\/wp-content\/uploads\/2020\/08\/lepoglava-logo.png\",\"width\":202,\"height\":58,\"caption\":\"Grad Lepoglava\"},\"image\":{\"@id\":\"https:\/\/www.lepoglava.hr\/festival-cipke\/#\/schema\/logo\/image\/\"}}]}<\/script>\n<!-- \/ Yoast SEO plugin. -->","yoast_head_json":{"title":"Kulturna ba\u0161tina i obrazovanje - dje\u010dji vrti\u0107 Lepoglava - 29. me\u0111unarodni festival \u010dipke","robots":{"index":"index","follow":"follow","max-snippet":"max-snippet:-1","max-image-preview":"max-image-preview:large","max-video-preview":"max-video-preview:-1"},"canonical":"https:\/\/www.lepoglava.hr\/festival-cipke\/kulturna-bastina-i-obrazovanje-djecji-vrtic-lepoglava\/","og_locale":"hr_HR","og_type":"article","og_title":"Kulturna ba\u0161tina i obrazovanje - dje\u010dji vrti\u0107 Lepoglava - 29. me\u0111unarodni festival \u010dipke","og_description":"Dani europske ba\u0161tine Dani europske ba\u0161tine","og_url":"https:\/\/www.lepoglava.hr\/festival-cipke\/kulturna-bastina-i-obrazovanje-djecji-vrtic-lepoglava\/","og_site_name":"29. me\u0111unarodni festival \u010dipke","article_modified_time":"2020-09-11T06:36:34+00:00","og_image":[{"url":"https:\/\/www.lepoglava.hr\/festival-cipke\/wp-content\/uploads\/elementor\/thumbs\/Croatianrevsinglecolour-01-ov7t9443900i1djaagzk099326haue25dt9tc2b0i8.png"}],"twitter_card":"summary_large_image","schema":{"@context":"https:\/\/schema.org","@graph":[{"@type":"WebPage","@id":"https:\/\/www.lepoglava.hr\/festival-cipke\/kulturna-bastina-i-obrazovanje-djecji-vrtic-lepoglava\/","url":"https:\/\/www.lepoglava.hr\/festival-cipke\/kulturna-bastina-i-obrazovanje-djecji-vrtic-lepoglava\/","name":"Kulturna ba\u0161tina i obrazovanje - dje\u010dji vrti\u0107 Lepoglava - 29. me\u0111unarodni festival \u010dipke","isPartOf":{"@id":"https:\/\/www.lepoglava.hr\/festival-cipke\/#website"},"datePublished":"2020-09-11T06:34:13+00:00","dateModified":"2020-09-11T06:36:34+00:00","breadcrumb":{"@id":"https:\/\/www.lepoglava.hr\/festival-cipke\/kulturna-bastina-i-obrazovanje-djecji-vrtic-lepoglava\/#breadcrumb"},"inLanguage":"hr","potentialAction":[{"@type":"ReadAction","target":["https:\/\/www.lepoglava.hr\/festival-cipke\/kulturna-bastina-i-obrazovanje-djecji-vrtic-lepoglava\/"]}]},{"@type":"BreadcrumbList","@id":"https:\/\/www.lepoglava.hr\/festival-cipke\/kulturna-bastina-i-obrazovanje-djecji-vrtic-lepoglava\/#breadcrumb","itemListElement":[{"@type":"ListItem","position":1,"name":"Po\u010detna stranica","item":"https:\/\/www.lepoglava.hr\/festival-cipke\/"},{"@type":"ListItem","position":2,"name":"Kulturna ba\u0161tina i obrazovanje &#8211; dje\u010dji vrti\u0107 Lepoglava"}]},{"@type":"WebSite","@id":"https:\/\/www.lepoglava.hr\/festival-cipke\/#website","url":"https:\/\/www.lepoglava.hr\/festival-cipke\/","name":"29. me\u0111unarodni festival \u010dipke","description":"29. me\u0111unarodni festival \u010dipke - Lepoglava","publisher":{"@id":"https:\/\/www.lepoglava.hr\/festival-cipke\/#organization"},"potentialAction":[{"@type":"SearchAction","target":{"@type":"EntryPoint","urlTemplate":"https:\/\/www.lepoglava.hr\/festival-cipke\/?s={search_term_string}"},"query-input":"required name=search_term_string"}],"inLanguage":"hr"},{"@type":"Organization","@id":"https:\/\/www.lepoglava.hr\/festival-cipke\/#organization","name":"Grad Lepoglava","url":"https:\/\/www.lepoglava.hr\/festival-cipke\/","logo":{"@type":"ImageObject","inLanguage":"hr","@id":"https:\/\/www.lepoglava.hr\/festival-cipke\/#\/schema\/logo\/image\/","url":"https:\/\/www.lepoglava.hr\/festival-cipke\/wp-content\/uploads\/2020\/08\/lepoglava-logo.png","contentUrl":"https:\/\/www.lepoglava.hr\/festival-cipke\/wp-content\/uploads\/2020\/08\/lepoglava-logo.png","width":202,"height":58,"caption":"Grad Lepoglava"},"image":{"@id":"https:\/\/www.lepoglava.hr\/festival-cipke\/#\/schema\/logo\/image\/"}}]}},"_links":{"self":[{"href":"https:\/\/www.lepoglava.hr\/festival-cipke\/wp-json\/wp\/v2\/pages\/1561"}],"collection":[{"href":"https:\/\/www.lepoglava.hr\/festival-cipke\/wp-json\/wp\/v2\/pages"}],"about":[{"href":"https:\/\/www.lepoglava.hr\/festival-cipke\/wp-json\/wp\/v2\/types\/page"}],"author":[{"embeddable":true,"href":"https:\/\/www.lepoglava.hr\/festival-cipke\/wp-json\/wp\/v2\/users\/4"}],"replies":[{"embeddable":true,"href":"https:\/\/www.lepoglava.hr\/festival-cipke\/wp-json\/wp\/v2\/comments?post=1561"}],"version-history":[{"count":2,"href":"https:\/\/www.lepoglava.hr\/festival-cipke\/wp-json\/wp\/v2\/pages\/1561\/revisions"}],"predecessor-version":[{"id":1566,"href":"https:\/\/www.lepoglava.hr\/festival-cipke\/wp-json\/wp\/v2\/pages\/1561\/revisions\/1566"}],"wp:attachment":[{"href":"https:\/\/www.lepoglava.hr\/festival-cipke\/wp-json\/wp\/v2\/media?parent=1561"}],"curies":[{"name":"wp","href":"https:\/\/api.w.org\/{rel}","templated":true}]}}