{"id":1907,"date":"2022-03-31T15:21:52","date_gmt":"2022-03-31T15:21:52","guid":{"rendered":"https:\/\/www.lepoglava.hr\/festival-cipke\/?page_id=1907"},"modified":"2023-03-16T11:22:05","modified_gmt":"2023-03-16T11:22:05","slug":"naslovnica-26-medunarodni-festival-cipke","status":"publish","type":"page","link":"https:\/\/www.lepoglava.hr\/festival-cipke\/naslovnica-26-medunarodni-festival-cipke\/","title":{"rendered":"26. me\u0111unarodni festival \u010dipke"},"content":{"rendered":"\t\t<div data-elementor-type=\"wp-page\" data-elementor-id=\"1907\" class=\"elementor elementor-1907\">\n\t\t\t\t\t\t<div class=\"elementor-inner\">\n\t\t\t\t<div class=\"elementor-section-wrap\">\n\t\t\t\t\t\t\t\t\t<section class=\"elementor-section elementor-top-section elementor-element elementor-element-5f8adb1d elementor-section-full_width elementor-section-height-default elementor-section-height-default\" data-id=\"5f8adb1d\" data-element_type=\"section\" data-settings=\"{&quot;background_background&quot;:&quot;classic&quot;,&quot;animation&quot;:&quot;none&quot;}\">\n\t\t\t\t\t\t\t<div class=\"elementor-background-overlay\"><\/div>\n\t\t\t\t\t\t\t<div class=\"elementor-container elementor-column-gap-no\">\n\t\t\t\t\t\t\t<div class=\"elementor-row\">\n\t\t\t\t\t<div class=\"elementor-column elementor-col-100 elementor-top-column elementor-element elementor-element-23ae05b5\" data-id=\"23ae05b5\" data-element_type=\"column\">\n\t\t\t<div class=\"elementor-column-wrap elementor-element-populated\">\n\t\t\t\t\t\t\t<div class=\"elementor-widget-wrap\">\n\t\t\t\t\t\t<section class=\"elementor-section elementor-inner-section elementor-element elementor-element-6e4ce2dc elementor-section-boxed elementor-section-height-default elementor-section-height-default\" data-id=\"6e4ce2dc\" data-element_type=\"section\" data-settings=\"{&quot;animation&quot;:&quot;none&quot;}\">\n\t\t\t\t\t\t<div class=\"elementor-container elementor-column-gap-default\">\n\t\t\t\t\t\t\t<div class=\"elementor-row\">\n\t\t\t\t\t<div class=\"elementor-column elementor-col-100 elementor-inner-column elementor-element elementor-element-736a1b57\" data-id=\"736a1b57\" data-element_type=\"column\">\n\t\t\t<div class=\"elementor-column-wrap elementor-element-populated\">\n\t\t\t\t\t\t\t<div class=\"elementor-widget-wrap\">\n\t\t\t\t\t\t<div class=\"elementor-element elementor-element-30afc97a elementor-widget elementor-widget-heading\" data-id=\"30afc97a\" data-element_type=\"widget\" data-settings=\"{&quot;_animation&quot;:&quot;none&quot;}\" data-widget_type=\"heading.default\">\n\t\t\t\t<div class=\"elementor-widget-container\">\n\t\t\t<h2 class=\"elementor-heading-title elementor-size-default\">26. me\u0111unarodni festival \u010dipke, Lepoglava<\/h2>\t\t<\/div>\n\t\t\t\t<\/div>\n\t\t\t\t<div class=\"elementor-element elementor-element-ed27f88 animated-slow elementor-widget elementor-widget-text-editor\" data-id=\"ed27f88\" data-element_type=\"widget\" data-settings=\"{&quot;_animation&quot;:&quot;none&quot;}\" data-widget_type=\"text-editor.default\">\n\t\t\t\t<div class=\"elementor-widget-container\">\n\t\t\t\t\t\t\t\t<div class=\"elementor-text-editor elementor-clearfix\">\n\t\t\t\t<p><b>Ovogodi\u0161nji 26. Me\u0111unarodni festival \u010dipke u Lepoglavi odr\u017eava se od 09 do 11. rujna<\/b><\/p>\t\t\t\t\t<\/div>\n\t\t\t\t\t\t<\/div>\n\t\t\t\t<\/div>\n\t\t\t\t\t\t<\/div>\n\t\t\t\t\t<\/div>\n\t\t<\/div>\n\t\t\t\t\t\t\t\t<\/div>\n\t\t\t\t\t<\/div>\n\t\t<\/section>\n\t\t\t\t<section class=\"elementor-section elementor-inner-section elementor-element elementor-element-8c0d2be elementor-section-boxed elementor-section-height-default elementor-section-height-default\" data-id=\"8c0d2be\" data-element_type=\"section\">\n\t\t\t\t\t\t<div class=\"elementor-container elementor-column-gap-default\">\n\t\t\t\t\t\t\t<div class=\"elementor-row\">\n\t\t\t\t\t<div class=\"elementor-column elementor-col-50 elementor-inner-column elementor-element elementor-element-c886b57\" data-id=\"c886b57\" data-element_type=\"column\">\n\t\t\t<div class=\"elementor-column-wrap elementor-element-populated\">\n\t\t\t\t\t\t\t<div class=\"elementor-widget-wrap\">\n\t\t\t\t\t\t<div class=\"elementor-element elementor-element-57f5ae8 elementor-widget elementor-widget-image\" data-id=\"57f5ae8\" data-element_type=\"widget\" data-settings=\"{&quot;_animation&quot;:&quot;none&quot;}\" data-widget_type=\"image.default\">\n\t\t\t\t<div class=\"elementor-widget-container\">\n\t\t\t\t\t\t\t\t<div class=\"elementor-image\">\n\t\t\t\t\t\t\t\t\t\t\t\t\t<a href=\"https:\/\/www.lepoglava.hr\/festival-cipke\/program-26-medunarodnog-festivala-lepoglavske-cipke\/\">\n\t\t\t\t\t\t\t<img decoding=\"async\" src=\"https:\/\/www.lepoglava.hr\/festival-cipke\/wp-content\/uploads\/elementor\/thumbs\/Lepoglava_Festival_2022-qb02nxe7aj0sxacfebvrc22vjz0kxdkvg7ibe5fq04.jpg\" title=\"Lepoglava_Festival_2022\" alt=\"Lepoglava_Festival_2022\" loading=\"lazy\" \/>\t\t\t\t\t\t\t\t<\/a>\n\t\t\t\t\t\t\t\t\t\t\t\t\t\t<\/div>\n\t\t\t\t\t\t<\/div>\n\t\t\t\t<\/div>\n\t\t\t\t<div class=\"elementor-element elementor-element-ea89fa4 elementor-align-left elementor-widget elementor-widget-button\" data-id=\"ea89fa4\" data-element_type=\"widget\" data-settings=\"{&quot;_animation&quot;:&quot;none&quot;}\" data-widget_type=\"button.default\">\n\t\t\t\t<div class=\"elementor-widget-container\">\n\t\t\t\t\t<div class=\"elementor-button-wrapper\">\n\t\t\t<a class=\"elementor-button elementor-button-link elementor-size-xl\" href=\"https:\/\/www.lepoglava.hr\/festival-cipke\/26-medunarodni-festival-cipke-uvodni-video\/\">\n\t\t\t\t\t\t<span class=\"elementor-button-content-wrapper\">\n\t\t\t\t\t\t<span class=\"elementor-button-icon elementor-align-icon-right\">\n\t\t\t\t<i aria-hidden=\"true\" class=\"fas fa-video\"><\/i>\t\t\t<\/span>\n\t\t\t\t\t\t<span class=\"elementor-button-text\">Pogledajte uvodni video 26. me\u0111unarodnog festivala \u010dipke<\/span>\n\t\t<\/span>\n\t\t\t\t\t<\/a>\n\t\t<\/div>\n\t\t\t\t<\/div>\n\t\t\t\t<\/div>\n\t\t\t\t<div class=\"elementor-element elementor-element-7d1855a elementor-align-left elementor-widget elementor-widget-button\" data-id=\"7d1855a\" data-element_type=\"widget\" data-settings=\"{&quot;_animation&quot;:&quot;none&quot;}\" data-widget_type=\"button.default\">\n\t\t\t\t<div class=\"elementor-widget-container\">\n\t\t\t\t\t<div class=\"elementor-button-wrapper\">\n\t\t\t<a class=\"elementor-button elementor-button-link elementor-size-xl\" href=\"https:\/\/www.lepoglava.hr\/festival-cipke\/zavrsni-video-26-medunarodnog-festivala-cipke\/\">\n\t\t\t\t\t\t<span class=\"elementor-button-content-wrapper\">\n\t\t\t\t\t\t<span class=\"elementor-button-icon elementor-align-icon-right\">\n\t\t\t\t<i aria-hidden=\"true\" class=\"fas fa-video\"><\/i>\t\t\t<\/span>\n\t\t\t\t\t\t<span class=\"elementor-button-text\">Pogledajte zavr\u0161no video 26. me\u0111unarodnog festivala \u010dipke<\/span>\n\t\t<\/span>\n\t\t\t\t\t<\/a>\n\t\t<\/div>\n\t\t\t\t<\/div>\n\t\t\t\t<\/div>\n\t\t\t\t\t\t<\/div>\n\t\t\t\t\t<\/div>\n\t\t<\/div>\n\t\t\t\t<div class=\"elementor-column elementor-col-50 elementor-inner-column elementor-element elementor-element-3ee989d\" data-id=\"3ee989d\" data-element_type=\"column\">\n\t\t\t<div class=\"elementor-column-wrap elementor-element-populated\">\n\t\t\t\t\t\t\t<div class=\"elementor-widget-wrap\">\n\t\t\t\t\t\t<div class=\"elementor-element elementor-element-02b2db7 uael-equal__height-yes uael-posts-thumbnail-ratio elementor-widget elementor-widget-uael-posts\" data-id=\"02b2db7\" data-element_type=\"widget\" data-settings=\"{&quot;classic_slides_to_show&quot;:1,&quot;classic_slides_to_show_tablet&quot;:2,&quot;classic_slides_to_show_mobile&quot;:1}\" data-widget_type=\"uael-posts.classic\">\n\t\t\t\t<div class=\"elementor-widget-container\">\n\t\t\t\t\t<div class=\"uael-post__header\">\r\n\t\t\t\t\t<\/div>\r\n\t\t<div class=\"uael-post__body\">\r\n\t\t\t\r\n\t\t\r\n\t\t<div class=\"uael-blog-terms-position- uael-post-image-top uael-post-grid uael-posts\" data-query-type=\"custom\" data-structure=\"normal\" data-layout=\"\" data-page=\"1907\" data-skin=\"classic\" data-filter-default=\"\" data-offset-top=\"30\" >\r\n\r\n\t\t\t\t\t\t\t<div class=\"uael-post-grid__inner uael-post__columns-1 uael-post__columns-tablet-2 uael-post__columns-mobile-1\">\r\n\t\t\t\r\n<div class=\"uael-post-wrapper   novosti \">\r\n\t<div class=\"uael-post__bg-wrap\">\r\n\r\n\t\t\t\t\r\n\t\t<div class=\"uael-post__inner-wrap\">\r\n\r\n\t\t\t\t<div class=\"uael-post__thumbnail\">\r\n\t\t\t\r\n\t\t\t<a href=\"https:\/\/www.lepoglava.hr\/festival-cipke\/zavrsen-26-medunarodni-festival-cipke\/\" target=\"_self\" title=\"Zavrs\u030cen 26. Me\u0111unarodni festival c\u030cipke\"><img decoding=\"async\" width=\"640\" height=\"427\" src=\"https:\/\/www.lepoglava.hr\/festival-cipke\/wp-content\/uploads\/2022\/08\/presica_cipkarski_festival_lepogalava_06.webp\" class=\"attachment-full size-full wp-image-1995\" alt=\"\" loading=\"lazy\" srcset=\"https:\/\/www.lepoglava.hr\/festival-cipke\/wp-content\/uploads\/2022\/08\/presica_cipkarski_festival_lepogalava_06.webp 640w, https:\/\/www.lepoglava.hr\/festival-cipke\/wp-content\/uploads\/2022\/08\/presica_cipkarski_festival_lepogalava_06-300x200.webp 300w\" sizes=\"(max-width: 640px) 100vw, 640px\" \/><\/a>\r\n\t\t\t\t\t<\/div>\r\n\t\t\r\n\t\t\t\r\n\t\t\t<div class=\"uael-post__content-wrap\">\r\n\t\t\t\t\t<h3 class=\"uael-post__title\">\r\n\r\n\t\t\r\n\t\t\t\t\t\t<a href=\"https:\/\/www.lepoglava.hr\/festival-cipke\/zavrsen-26-medunarodni-festival-cipke\/\" target=\"_self\">\r\n\t\t\t\tZavrs\u030cen 26. Me\u0111unarodni festival c\u030cipke\t\t\t<\/a>\r\n\r\n\t\t\t\t<\/h3>\r\n\t\t\t\t\t<div class=\"uael-post__meta-data\">\r\n\t\t\t\t\t<span class=\"uael-post__date\">\r\n\t\t\t\t\t\t\t\t\t\t\t\t\t<i aria-hidden=\"true\" class=\"fa fa-calendar\"><\/i>\t\t\t\t\t\t\t\t\t\r\n\t\t\t13 rujna, 2022\t\t<\/span>\r\n\t\t\t\t<\/div>\r\n\t\t\r\n\t\t<div class=\"uael-post__excerpt\">\r\n\t\t\t<p>Spu\u0161ten je zastor na jo\u0161 jedan uspje\u0161no organiziran Me\u0111unarodni festival \u010dipke kojim je Lepoglava, jo\u0161 jednom, potvrdila status ne samo europskog ve\u0107 \u010dipkarskog &#8230;<\/p>\n\t\t<\/div>\r\n\r\n\t\t\t\t\t<a class=\"uael-post__read-more elementor-button\" href=\"https:\/\/www.lepoglava.hr\/festival-cipke\/zavrsen-26-medunarodni-festival-cipke\/\" target=\"_self\" aria-labelledby=\"uael-post-2514\">\r\n\t\t\t\t\t<span class=\"elementor-button-content-wrapper\">\r\n\t\t\t\t\t\t\t\t\t\t\t\t\t\t<span class=\"elementor-button-icon elementor-align-icon-left\">\r\n\r\n\t\t\t\t\t\t\t\t\t\r\n\t\t\t\t\t\t\t\t<\/span>\r\n\t\t\t\t\t\t\t\t\t\t\t\t\t\r\n\t\t\t\t\t\t<span class=\"elementor-button-text\" id=uael-post-2514>Vi\u0161e \u2192<\/span>\r\n\t\t\t\t\t<\/span>\r\n\t\t\t\t<\/a>\r\n\t\t\t\t\t\t<\/div>\r\n\t\t\t\r\n\t\t<\/div>\r\n\t\t\r\n\t<\/div>\r\n\r\n<\/div>\r\n\t\t\t\t<\/div>\r\n\t\t\t\t\t\t\r\n\t\t<\/div>\r\n\r\n\t\t\t\t\t\t<\/div>\r\n\t\t<div class=\"uael-post__footer\">\r\n\t\t\t\t\t<\/div>\r\n\t\t\t\t<\/div>\n\t\t\t\t<\/div>\n\t\t\t\t<div class=\"elementor-element elementor-element-1cf65a5 elementor-align-left elementor-widget__width-initial elementor-widget elementor-widget-button\" data-id=\"1cf65a5\" data-element_type=\"widget\" data-widget_type=\"button.default\">\n\t\t\t\t<div class=\"elementor-widget-container\">\n\t\t\t\t\t<div class=\"elementor-button-wrapper\">\n\t\t\t<a class=\"elementor-button elementor-button-link elementor-size-xs\" href=\"https:\/\/www.lepoglava.hr\/festival-cipke\/program-26-medunarodnog-festivala-lepoglavske-cipke\/\">\n\t\t\t\t\t\t<span class=\"elementor-button-content-wrapper\">\n\t\t\t\t\t\t<span class=\"elementor-button-text\">Program 26. Me\u0111unarodnog festivala \u010dipke <img decoding=\"async\" src=\"https:\/\/www.lepoglava.hr\/festival-cipke\/wp-content\/uploads\/2020\/09\/hr.png\"><\/span>\n\t\t<\/span>\n\t\t\t\t\t<\/a>\n\t\t<\/div>\n\t\t\t\t<\/div>\n\t\t\t\t<\/div>\n\t\t\t\t<div class=\"elementor-element elementor-element-b251d95 elementor-align-left elementor-widget__width-initial elementor-widget elementor-widget-button\" data-id=\"b251d95\" data-element_type=\"widget\" data-widget_type=\"button.default\">\n\t\t\t\t<div class=\"elementor-widget-container\">\n\t\t\t\t\t<div class=\"elementor-button-wrapper\">\n\t\t\t<a class=\"elementor-button elementor-button-link elementor-size-xs\" href=\"https:\/\/www.lepoglava.hr\/festival-cipke\/26-international-lace-festival-program\/\">\n\t\t\t\t\t\t<span class=\"elementor-button-content-wrapper\">\n\t\t\t\t\t\t<span class=\"elementor-button-text\">26th International lace festival program <img decoding=\"async\" src=\"https:\/\/www.lepoglava.hr\/festival-cipke\/wp-content\/uploads\/2020\/09\/en.png\"><\/span>\n\t\t<\/span>\n\t\t\t\t\t<\/a>\n\t\t<\/div>\n\t\t\t\t<\/div>\n\t\t\t\t<\/div>\n\t\t\t\t\t\t<\/div>\n\t\t\t\t\t<\/div>\n\t\t<\/div>\n\t\t\t\t\t\t\t\t<\/div>\n\t\t\t\t\t<\/div>\n\t\t<\/section>\n\t\t\t\t\t\t<\/div>\n\t\t\t\t\t<\/div>\n\t\t<\/div>\n\t\t\t\t\t\t\t\t<\/div>\n\t\t\t\t\t<\/div>\n\t\t<\/section>\n\t\t\t\t<section class=\"elementor-section elementor-top-section elementor-element elementor-element-922d893 elementor-section-boxed elementor-section-height-default elementor-section-height-default\" data-id=\"922d893\" data-element_type=\"section\">\n\t\t\t\t\t\t<div class=\"elementor-container elementor-column-gap-default\">\n\t\t\t\t\t\t\t<div class=\"elementor-row\">\n\t\t\t\t\t<div class=\"elementor-column elementor-col-100 elementor-top-column elementor-element elementor-element-4be8734\" data-id=\"4be8734\" data-element_type=\"column\">\n\t\t\t<div class=\"elementor-column-wrap elementor-element-populated\">\n\t\t\t\t\t\t\t<div class=\"elementor-widget-wrap\">\n\t\t\t\t\t\t<section class=\"elementor-section elementor-inner-section elementor-element elementor-element-25116d2 elementor-section-boxed elementor-section-height-default elementor-section-height-default\" data-id=\"25116d2\" data-element_type=\"section\">\n\t\t\t\t\t\t<div class=\"elementor-container elementor-column-gap-default\">\n\t\t\t\t\t\t\t<div class=\"elementor-row\">\n\t\t\t\t\t<div class=\"elementor-column elementor-col-100 elementor-inner-column elementor-element elementor-element-25b0a35\" data-id=\"25b0a35\" data-element_type=\"column\">\n\t\t\t<div class=\"elementor-column-wrap\">\n\t\t\t\t\t\t\t<div class=\"elementor-widget-wrap\">\n\t\t\t\t\t\t\t\t<\/div>\n\t\t\t\t\t<\/div>\n\t\t<\/div>\n\t\t\t\t\t\t\t\t<\/div>\n\t\t\t\t\t<\/div>\n\t\t<\/section>\n\t\t\t\t<div class=\"elementor-element elementor-element-d893ea5 uael-equal__height-yes uael-posts-thumbnail-ratio elementor-widget elementor-widget-uael-posts\" data-id=\"d893ea5\" data-element_type=\"widget\" data-settings=\"{&quot;classic_slides_to_show&quot;:3,&quot;classic_slides_to_show_tablet&quot;:2,&quot;classic_slides_to_show_mobile&quot;:1}\" data-widget_type=\"uael-posts.classic\">\n\t\t\t\t<div class=\"elementor-widget-container\">\n\t\t\t\t\t<div class=\"uael-post__header\">\r\n\t\t\t\t\t<\/div>\r\n\t\t<div class=\"uael-post__body\">\r\n\t\t\t\r\n\t\t\r\n\t\t<div class=\"uael-blog-terms-position- uael-post-image-top uael-post-grid uael-posts\" data-query-type=\"custom\" data-structure=\"normal\" data-layout=\"\" data-page=\"1907\" data-skin=\"classic\" data-filter-default=\"\" data-offset-top=\"30\" >\r\n\r\n\t\t\t\t\t\t\t<div class=\"uael-post-grid__inner uael-post__columns-3 uael-post__columns-tablet-2 uael-post__columns-mobile-1\">\r\n\t\t\t\r\n<div class=\"uael-post-wrapper   novosti \">\r\n\t<div class=\"uael-post__bg-wrap\">\r\n\r\n\t\t\t\t\r\n\t\t<div class=\"uael-post__inner-wrap\">\r\n\r\n\t\t\t\t<div class=\"uael-post__thumbnail\">\r\n\t\t\t\r\n\t\t\t<a href=\"https:\/\/www.lepoglava.hr\/festival-cipke\/sjajnim-koncertom-4-tenora-zavrsio-ovogodisnji-festival\/\" target=\"_self\" title=\"Sjajnim koncertom \u201e4 tenora\u201c zavr\u0161io ovogodi\u0161nji festival\"><img decoding=\"async\" width=\"1920\" height=\"1280\" src=\"https:\/\/www.lepoglava.hr\/festival-cipke\/wp-content\/uploads\/2025\/09\/festival_cipka_lep_23_14092025_photocopyright-by-darko-gorenak-godar.jpg\" class=\"attachment-full size-full wp-image-3661\" alt=\"\" loading=\"lazy\" srcset=\"https:\/\/www.lepoglava.hr\/festival-cipke\/wp-content\/uploads\/2025\/09\/festival_cipka_lep_23_14092025_photocopyright-by-darko-gorenak-godar.jpg 1920w, https:\/\/www.lepoglava.hr\/festival-cipke\/wp-content\/uploads\/2025\/09\/festival_cipka_lep_23_14092025_photocopyright-by-darko-gorenak-godar-300x200.jpg 300w, https:\/\/www.lepoglava.hr\/festival-cipke\/wp-content\/uploads\/2025\/09\/festival_cipka_lep_23_14092025_photocopyright-by-darko-gorenak-godar-1024x683.jpg 1024w, https:\/\/www.lepoglava.hr\/festival-cipke\/wp-content\/uploads\/2025\/09\/festival_cipka_lep_23_14092025_photocopyright-by-darko-gorenak-godar-768x512.jpg 768w, https:\/\/www.lepoglava.hr\/festival-cipke\/wp-content\/uploads\/2025\/09\/festival_cipka_lep_23_14092025_photocopyright-by-darko-gorenak-godar-1536x1024.jpg 1536w\" sizes=\"(max-width: 1920px) 100vw, 1920px\" \/><\/a>\r\n\t\t\t\t\t<\/div>\r\n\t\t\r\n\t\t\t\r\n\t\t\t<div class=\"uael-post__content-wrap\">\r\n\t\t\t\t\t<h3 class=\"uael-post__title\">\r\n\r\n\t\t\r\n\t\t\t\t\t\t<a href=\"https:\/\/www.lepoglava.hr\/festival-cipke\/sjajnim-koncertom-4-tenora-zavrsio-ovogodisnji-festival\/\" target=\"_self\">\r\n\t\t\t\tSjajnim koncertom \u201e4 tenora\u201c zavr\u0161io ovogodi\u0161nji festival\t\t\t<\/a>\r\n\r\n\t\t\t\t<\/h3>\r\n\t\t\t\t\t<div class=\"uael-post__meta-data\">\r\n\t\t\t\t\t<span class=\"uael-post__date\">\r\n\t\t\t\t\t\t\t\t\t\t\t\t\t<i aria-hidden=\"true\" class=\"fa fa-calendar\"><\/i>\t\t\t\t\t\t\t\t\t\r\n\t\t\t15 rujna, 2025\t\t<\/span>\r\n\t\t\t\t<\/div>\r\n\t\t\r\n\t\t<div class=\"uael-post__excerpt\">\r\n\t\t\t<p>Sjajnim koncertom kvarteta \u201e4 tenora\u201c u prepunom sve\u010danom \u0161atoru, u nedjelju, 14. rujna, zavr\u0161io je program ovogodi\u0161njeg 29. Me\u0111unarodnog festivala \u010dipke u Lepoglavi. &#8230;<\/p>\n\t\t<\/div>\r\n\r\n\t\t\t\t\t<a class=\"uael-post__read-more elementor-button\" href=\"https:\/\/www.lepoglava.hr\/festival-cipke\/sjajnim-koncertom-4-tenora-zavrsio-ovogodisnji-festival\/\" target=\"_self\" aria-labelledby=\"uael-post-3657\">\r\n\t\t\t\t\t<span class=\"elementor-button-content-wrapper\">\r\n\t\t\t\t\t\t\t\t\t\t\t\t\t\t<span class=\"elementor-button-icon elementor-align-icon-left\">\r\n\r\n\t\t\t\t\t\t\t\t\t\r\n\t\t\t\t\t\t\t\t<\/span>\r\n\t\t\t\t\t\t\t\t\t\t\t\t\t\r\n\t\t\t\t\t\t<span class=\"elementor-button-text\" id=uael-post-3657>Vi\u0161e \u2192<\/span>\r\n\t\t\t\t\t<\/span>\r\n\t\t\t\t<\/a>\r\n\t\t\t\t\t\t<\/div>\r\n\t\t\t\r\n\t\t<\/div>\r\n\t\t\r\n\t<\/div>\r\n\r\n<\/div>\r\n\r\n<div class=\"uael-post-wrapper   novosti \">\r\n\t<div class=\"uael-post__bg-wrap\">\r\n\r\n\t\t\t\t\r\n\t\t<div class=\"uael-post__inner-wrap\">\r\n\r\n\t\t\t\t<div class=\"uael-post__thumbnail\">\r\n\t\t\t\r\n\t\t\t<a href=\"https:\/\/www.lepoglava.hr\/festival-cipke\/sponzori-pokrovitelji-i-podupiratelji-29-medunarodnog-festivala-cipke\/\" target=\"_self\" title=\"Sponzori, pokrovitelji i podupiratelji 29. Me\u0111unarodnog festivala \u010dipke\"><img decoding=\"async\" width=\"1792\" height=\"2560\" src=\"https:\/\/www.lepoglava.hr\/festival-cipke\/wp-content\/uploads\/2025\/09\/cipka_plakat_sponzori-1-scaled.jpg\" class=\"attachment-full size-full wp-image-3654\" alt=\"\" loading=\"lazy\" srcset=\"https:\/\/www.lepoglava.hr\/festival-cipke\/wp-content\/uploads\/2025\/09\/cipka_plakat_sponzori-1-scaled.jpg 1792w, https:\/\/www.lepoglava.hr\/festival-cipke\/wp-content\/uploads\/2025\/09\/cipka_plakat_sponzori-1-210x300.jpg 210w, https:\/\/www.lepoglava.hr\/festival-cipke\/wp-content\/uploads\/2025\/09\/cipka_plakat_sponzori-1-717x1024.jpg 717w, https:\/\/www.lepoglava.hr\/festival-cipke\/wp-content\/uploads\/2025\/09\/cipka_plakat_sponzori-1-768x1097.jpg 768w, https:\/\/www.lepoglava.hr\/festival-cipke\/wp-content\/uploads\/2025\/09\/cipka_plakat_sponzori-1-1075x1536.jpg 1075w, https:\/\/www.lepoglava.hr\/festival-cipke\/wp-content\/uploads\/2025\/09\/cipka_plakat_sponzori-1-1434x2048.jpg 1434w\" sizes=\"(max-width: 1792px) 100vw, 1792px\" \/><\/a>\r\n\t\t\t\t\t<\/div>\r\n\t\t\r\n\t\t\t\r\n\t\t\t<div class=\"uael-post__content-wrap\">\r\n\t\t\t\t\t<h3 class=\"uael-post__title\">\r\n\r\n\t\t\r\n\t\t\t\t\t\t<a href=\"https:\/\/www.lepoglava.hr\/festival-cipke\/sponzori-pokrovitelji-i-podupiratelji-29-medunarodnog-festivala-cipke\/\" target=\"_self\">\r\n\t\t\t\tSponzori, pokrovitelji i podupiratelji 29. Me\u0111unarodnog festivala \u010dipke\t\t\t<\/a>\r\n\r\n\t\t\t\t<\/h3>\r\n\t\t\t\t\t<div class=\"uael-post__meta-data\">\r\n\t\t\t\t\t<span class=\"uael-post__date\">\r\n\t\t\t\t\t\t\t\t\t\t\t\t\t<i aria-hidden=\"true\" class=\"fa fa-calendar\"><\/i>\t\t\t\t\t\t\t\t\t\r\n\t\t\t14 rujna, 2025\t\t<\/span>\r\n\t\t\t\t<\/div>\r\n\t\t\r\n\t\t<div class=\"uael-post__excerpt\">\r\n\t\t\t\t\t<\/div>\r\n\r\n\t\t\t\t\t<a class=\"uael-post__read-more elementor-button\" href=\"https:\/\/www.lepoglava.hr\/festival-cipke\/sponzori-pokrovitelji-i-podupiratelji-29-medunarodnog-festivala-cipke\/\" target=\"_self\" aria-labelledby=\"uael-post-3652\">\r\n\t\t\t\t\t<span class=\"elementor-button-content-wrapper\">\r\n\t\t\t\t\t\t\t\t\t\t\t\t\t\t<span class=\"elementor-button-icon elementor-align-icon-left\">\r\n\r\n\t\t\t\t\t\t\t\t\t\r\n\t\t\t\t\t\t\t\t<\/span>\r\n\t\t\t\t\t\t\t\t\t\t\t\t\t\r\n\t\t\t\t\t\t<span class=\"elementor-button-text\" id=uael-post-3652>Vi\u0161e \u2192<\/span>\r\n\t\t\t\t\t<\/span>\r\n\t\t\t\t<\/a>\r\n\t\t\t\t\t\t<\/div>\r\n\t\t\t\r\n\t\t<\/div>\r\n\t\t\r\n\t<\/div>\r\n\r\n<\/div>\r\n\r\n<div class=\"uael-post-wrapper   novosti \">\r\n\t<div class=\"uael-post__bg-wrap\">\r\n\r\n\t\t\t\t\r\n\t\t<div class=\"uael-post__inner-wrap\">\r\n\r\n\t\t\t\t<div class=\"uael-post__thumbnail\">\r\n\t\t\t\r\n\t\t\t<a href=\"https:\/\/www.lepoglava.hr\/festival-cipke\/predstavljena-vrijedna-bastina-zemlje-partnera\/\" target=\"_self\" title=\"Predstavljena vrijedna ba\u0161tina zemlje &#8211; partnera\"><img decoding=\"async\" width=\"1920\" height=\"1280\" src=\"https:\/\/www.lepoglava.hr\/festival-cipke\/wp-content\/uploads\/2025\/09\/festival_cipka_lep_30_13092025_photocopyright-by-darko-gorenak-godar.jpg\" class=\"attachment-full size-full wp-image-3642\" alt=\"\" loading=\"lazy\" srcset=\"https:\/\/www.lepoglava.hr\/festival-cipke\/wp-content\/uploads\/2025\/09\/festival_cipka_lep_30_13092025_photocopyright-by-darko-gorenak-godar.jpg 1920w, https:\/\/www.lepoglava.hr\/festival-cipke\/wp-content\/uploads\/2025\/09\/festival_cipka_lep_30_13092025_photocopyright-by-darko-gorenak-godar-300x200.jpg 300w, https:\/\/www.lepoglava.hr\/festival-cipke\/wp-content\/uploads\/2025\/09\/festival_cipka_lep_30_13092025_photocopyright-by-darko-gorenak-godar-1024x683.jpg 1024w, https:\/\/www.lepoglava.hr\/festival-cipke\/wp-content\/uploads\/2025\/09\/festival_cipka_lep_30_13092025_photocopyright-by-darko-gorenak-godar-768x512.jpg 768w, https:\/\/www.lepoglava.hr\/festival-cipke\/wp-content\/uploads\/2025\/09\/festival_cipka_lep_30_13092025_photocopyright-by-darko-gorenak-godar-1536x1024.jpg 1536w\" sizes=\"(max-width: 1920px) 100vw, 1920px\" \/><\/a>\r\n\t\t\t\t\t<\/div>\r\n\t\t\r\n\t\t\t\r\n\t\t\t<div class=\"uael-post__content-wrap\">\r\n\t\t\t\t\t<h3 class=\"uael-post__title\">\r\n\r\n\t\t\r\n\t\t\t\t\t\t<a href=\"https:\/\/www.lepoglava.hr\/festival-cipke\/predstavljena-vrijedna-bastina-zemlje-partnera\/\" target=\"_self\">\r\n\t\t\t\tPredstavljena vrijedna ba\u0161tina zemlje &#8211; partnera\t\t\t<\/a>\r\n\r\n\t\t\t\t<\/h3>\r\n\t\t\t\t\t<div class=\"uael-post__meta-data\">\r\n\t\t\t\t\t<span class=\"uael-post__date\">\r\n\t\t\t\t\t\t\t\t\t\t\t\t\t<i aria-hidden=\"true\" class=\"fa fa-calendar\"><\/i>\t\t\t\t\t\t\t\t\t\r\n\t\t\t14 rujna, 2025\t\t<\/span>\r\n\t\t\t\t<\/div>\r\n\t\t\r\n\t\t<div class=\"uael-post__excerpt\">\r\n\t\t\t<p>Drugi festivalski dan 29. Me\u0111unarodnog festivala \u010dipke u Lepoglavi, u subotu, 13. rujna, bio je u znaku Crne Gore, zemlje &#8211; partnera ovogodi\u0161njeg &#8230;<\/p>\n\t\t<\/div>\r\n\r\n\t\t\t\t\t<a class=\"uael-post__read-more elementor-button\" href=\"https:\/\/www.lepoglava.hr\/festival-cipke\/predstavljena-vrijedna-bastina-zemlje-partnera\/\" target=\"_self\" aria-labelledby=\"uael-post-3613\">\r\n\t\t\t\t\t<span class=\"elementor-button-content-wrapper\">\r\n\t\t\t\t\t\t\t\t\t\t\t\t\t\t<span class=\"elementor-button-icon elementor-align-icon-left\">\r\n\r\n\t\t\t\t\t\t\t\t\t\r\n\t\t\t\t\t\t\t\t<\/span>\r\n\t\t\t\t\t\t\t\t\t\t\t\t\t\r\n\t\t\t\t\t\t<span class=\"elementor-button-text\" id=uael-post-3613>Vi\u0161e \u2192<\/span>\r\n\t\t\t\t\t<\/span>\r\n\t\t\t\t<\/a>\r\n\t\t\t\t\t\t<\/div>\r\n\t\t\t\r\n\t\t<\/div>\r\n\t\t\r\n\t<\/div>\r\n\r\n<\/div>\r\n\r\n<div class=\"uael-post-wrapper   novosti \">\r\n\t<div class=\"uael-post__bg-wrap\">\r\n\r\n\t\t\t\t\r\n\t\t<div class=\"uael-post__inner-wrap\">\r\n\r\n\t\t\t\t<div class=\"uael-post__thumbnail\">\r\n\t\t\t\r\n\t\t\t<a href=\"https:\/\/www.lepoglava.hr\/festival-cipke\/modna-revija-i-radionice-na-danu-europske-bastine\/\" target=\"_self\" title=\"Modna revija i radionice na Danu europske ba\u0161tine\"><img decoding=\"async\" width=\"1920\" height=\"1279\" src=\"https:\/\/www.lepoglava.hr\/festival-cipke\/wp-content\/uploads\/2025\/09\/festival_cipka_lep_26_12092025_photocopyright-by-darko-gorenak-godar.jpg\" class=\"attachment-full size-full wp-image-3595\" alt=\"\" loading=\"lazy\" srcset=\"https:\/\/www.lepoglava.hr\/festival-cipke\/wp-content\/uploads\/2025\/09\/festival_cipka_lep_26_12092025_photocopyright-by-darko-gorenak-godar.jpg 1920w, https:\/\/www.lepoglava.hr\/festival-cipke\/wp-content\/uploads\/2025\/09\/festival_cipka_lep_26_12092025_photocopyright-by-darko-gorenak-godar-300x200.jpg 300w, https:\/\/www.lepoglava.hr\/festival-cipke\/wp-content\/uploads\/2025\/09\/festival_cipka_lep_26_12092025_photocopyright-by-darko-gorenak-godar-1024x682.jpg 1024w, https:\/\/www.lepoglava.hr\/festival-cipke\/wp-content\/uploads\/2025\/09\/festival_cipka_lep_26_12092025_photocopyright-by-darko-gorenak-godar-768x512.jpg 768w, https:\/\/www.lepoglava.hr\/festival-cipke\/wp-content\/uploads\/2025\/09\/festival_cipka_lep_26_12092025_photocopyright-by-darko-gorenak-godar-1536x1023.jpg 1536w\" sizes=\"(max-width: 1920px) 100vw, 1920px\" \/><\/a>\r\n\t\t\t\t\t<\/div>\r\n\t\t\r\n\t\t\t\r\n\t\t\t<div class=\"uael-post__content-wrap\">\r\n\t\t\t\t\t<h3 class=\"uael-post__title\">\r\n\r\n\t\t\r\n\t\t\t\t\t\t<a href=\"https:\/\/www.lepoglava.hr\/festival-cipke\/modna-revija-i-radionice-na-danu-europske-bastine\/\" target=\"_self\">\r\n\t\t\t\tModna revija i radionice na Danu europske ba\u0161tine\t\t\t<\/a>\r\n\r\n\t\t\t\t<\/h3>\r\n\t\t\t\t\t<div class=\"uael-post__meta-data\">\r\n\t\t\t\t\t<span class=\"uael-post__date\">\r\n\t\t\t\t\t\t\t\t\t\t\t\t\t<i aria-hidden=\"true\" class=\"fa fa-calendar\"><\/i>\t\t\t\t\t\t\t\t\t\r\n\t\t\t13 rujna, 2025\t\t<\/span>\r\n\t\t\t\t<\/div>\r\n\t\t\r\n\t\t<div class=\"uael-post__excerpt\">\r\n\t\t\t<p>U\u010denici kolekcijom inspiriranom \u010dipkom ispri\u010dali pri\u010du o identitetu, vremenu i prostoru U Domu kulture na Tawanu i ove su godine, prvog dana Me\u0111unarodnog &#8230;<\/p>\n\t\t<\/div>\r\n\r\n\t\t\t\t\t<a class=\"uael-post__read-more elementor-button\" href=\"https:\/\/www.lepoglava.hr\/festival-cipke\/modna-revija-i-radionice-na-danu-europske-bastine\/\" target=\"_self\" aria-labelledby=\"uael-post-3592\">\r\n\t\t\t\t\t<span class=\"elementor-button-content-wrapper\">\r\n\t\t\t\t\t\t\t\t\t\t\t\t\t\t<span class=\"elementor-button-icon elementor-align-icon-left\">\r\n\r\n\t\t\t\t\t\t\t\t\t\r\n\t\t\t\t\t\t\t\t<\/span>\r\n\t\t\t\t\t\t\t\t\t\t\t\t\t\r\n\t\t\t\t\t\t<span class=\"elementor-button-text\" id=uael-post-3592>Vi\u0161e \u2192<\/span>\r\n\t\t\t\t\t<\/span>\r\n\t\t\t\t<\/a>\r\n\t\t\t\t\t\t<\/div>\r\n\t\t\t\r\n\t\t<\/div>\r\n\t\t\r\n\t<\/div>\r\n\r\n<\/div>\r\n\r\n<div class=\"uael-post-wrapper   novosti \">\r\n\t<div class=\"uael-post__bg-wrap\">\r\n\r\n\t\t\t\t\r\n\t\t<div class=\"uael-post__inner-wrap\">\r\n\r\n\t\t\t\t<div class=\"uael-post__thumbnail\">\r\n\t\t\t\r\n\t\t\t<a href=\"https:\/\/www.lepoglava.hr\/festival-cipke\/otvorena-izlozba-lepoglavski-festivala-u-filateliji-3\/\" target=\"_self\" title=\"Otvorena izlo\u017eba: &#8220;Lepoglavski festivali u filateliji &#8211; 3&#8221;\"><img decoding=\"async\" width=\"1920\" height=\"1280\" src=\"https:\/\/www.lepoglava.hr\/festival-cipke\/wp-content\/uploads\/2025\/09\/festival_cipka_lep_47_12092025_photocopyright-by-darko-gorenak-godar.jpg\" class=\"attachment-full size-full wp-image-3588\" alt=\"\" loading=\"lazy\" srcset=\"https:\/\/www.lepoglava.hr\/festival-cipke\/wp-content\/uploads\/2025\/09\/festival_cipka_lep_47_12092025_photocopyright-by-darko-gorenak-godar.jpg 1920w, https:\/\/www.lepoglava.hr\/festival-cipke\/wp-content\/uploads\/2025\/09\/festival_cipka_lep_47_12092025_photocopyright-by-darko-gorenak-godar-300x200.jpg 300w, https:\/\/www.lepoglava.hr\/festival-cipke\/wp-content\/uploads\/2025\/09\/festival_cipka_lep_47_12092025_photocopyright-by-darko-gorenak-godar-1024x683.jpg 1024w, https:\/\/www.lepoglava.hr\/festival-cipke\/wp-content\/uploads\/2025\/09\/festival_cipka_lep_47_12092025_photocopyright-by-darko-gorenak-godar-768x512.jpg 768w, https:\/\/www.lepoglava.hr\/festival-cipke\/wp-content\/uploads\/2025\/09\/festival_cipka_lep_47_12092025_photocopyright-by-darko-gorenak-godar-1536x1024.jpg 1536w\" sizes=\"(max-width: 1920px) 100vw, 1920px\" \/><\/a>\r\n\t\t\t\t\t<\/div>\r\n\t\t\r\n\t\t\t\r\n\t\t\t<div class=\"uael-post__content-wrap\">\r\n\t\t\t\t\t<h3 class=\"uael-post__title\">\r\n\r\n\t\t\r\n\t\t\t\t\t\t<a href=\"https:\/\/www.lepoglava.hr\/festival-cipke\/otvorena-izlozba-lepoglavski-festivala-u-filateliji-3\/\" target=\"_self\">\r\n\t\t\t\tOtvorena izlo\u017eba: &#8220;Lepoglavski festivali u filateliji &#8211; 3&#8221;\t\t\t<\/a>\r\n\r\n\t\t\t\t<\/h3>\r\n\t\t\t\t\t<div class=\"uael-post__meta-data\">\r\n\t\t\t\t\t<span class=\"uael-post__date\">\r\n\t\t\t\t\t\t\t\t\t\t\t\t\t<i aria-hidden=\"true\" class=\"fa fa-calendar\"><\/i>\t\t\t\t\t\t\t\t\t\r\n\t\t\t13 rujna, 2025\t\t<\/span>\r\n\t\t\t\t<\/div>\r\n\t\t\r\n\t\t<div class=\"uael-post__excerpt\">\r\n\t\t\t<p>U pavlinskom samostanu u petak, 12. rujna, uo\u010di sve\u010danog otvaranja 29. Me\u0111unarodnog festivala \u010dipke, otvorena je vrijedna filatelisti\u010dka izlo\u017eba &#8220;Lepoglavski festivali u filateliji &#8230;<\/p>\n\t\t<\/div>\r\n\r\n\t\t\t\t\t<a class=\"uael-post__read-more elementor-button\" href=\"https:\/\/www.lepoglava.hr\/festival-cipke\/otvorena-izlozba-lepoglavski-festivala-u-filateliji-3\/\" target=\"_self\" aria-labelledby=\"uael-post-3581\">\r\n\t\t\t\t\t<span class=\"elementor-button-content-wrapper\">\r\n\t\t\t\t\t\t\t\t\t\t\t\t\t\t<span class=\"elementor-button-icon elementor-align-icon-left\">\r\n\r\n\t\t\t\t\t\t\t\t\t\r\n\t\t\t\t\t\t\t\t<\/span>\r\n\t\t\t\t\t\t\t\t\t\t\t\t\t\r\n\t\t\t\t\t\t<span class=\"elementor-button-text\" id=uael-post-3581>Vi\u0161e \u2192<\/span>\r\n\t\t\t\t\t<\/span>\r\n\t\t\t\t<\/a>\r\n\t\t\t\t\t\t<\/div>\r\n\t\t\t\r\n\t\t<\/div>\r\n\t\t\r\n\t<\/div>\r\n\r\n<\/div>\r\n\r\n<div class=\"uael-post-wrapper   novosti \">\r\n\t<div class=\"uael-post__bg-wrap\">\r\n\r\n\t\t\t\t\r\n\t\t<div class=\"uael-post__inner-wrap\">\r\n\r\n\t\t\t\t<div class=\"uael-post__thumbnail\">\r\n\t\t\t\r\n\t\t\t<a href=\"https:\/\/www.lepoglava.hr\/festival-cipke\/svecano-otvoren-29-medunarodni-festival-cipke-cipka-nastaje-u-tisini-ali-glasno-govori-o-kulturi-povijesti-i-zenskoj-snazi\/\" target=\"_self\" title=\"Sve\u010dano otvoren 29. Me\u0111unarodni festival \u010dipke: \u010cipka nastaje u ti\u0161ini, ali glasno govori o kulturi, povijesti i \u017eenskoj snazi\"><img decoding=\"async\" width=\"1920\" height=\"1280\" src=\"https:\/\/www.lepoglava.hr\/festival-cipke\/wp-content\/uploads\/2025\/09\/festival_cipka_lep_14_12092025_photocopyright-by-darko-gorenak-godar.jpg\" class=\"attachment-full size-full wp-image-3568\" alt=\"\" loading=\"lazy\" srcset=\"https:\/\/www.lepoglava.hr\/festival-cipke\/wp-content\/uploads\/2025\/09\/festival_cipka_lep_14_12092025_photocopyright-by-darko-gorenak-godar.jpg 1920w, https:\/\/www.lepoglava.hr\/festival-cipke\/wp-content\/uploads\/2025\/09\/festival_cipka_lep_14_12092025_photocopyright-by-darko-gorenak-godar-300x200.jpg 300w, https:\/\/www.lepoglava.hr\/festival-cipke\/wp-content\/uploads\/2025\/09\/festival_cipka_lep_14_12092025_photocopyright-by-darko-gorenak-godar-1024x683.jpg 1024w, https:\/\/www.lepoglava.hr\/festival-cipke\/wp-content\/uploads\/2025\/09\/festival_cipka_lep_14_12092025_photocopyright-by-darko-gorenak-godar-768x512.jpg 768w, https:\/\/www.lepoglava.hr\/festival-cipke\/wp-content\/uploads\/2025\/09\/festival_cipka_lep_14_12092025_photocopyright-by-darko-gorenak-godar-1536x1024.jpg 1536w\" sizes=\"(max-width: 1920px) 100vw, 1920px\" \/><\/a>\r\n\t\t\t\t\t<\/div>\r\n\t\t\r\n\t\t\t\r\n\t\t\t<div class=\"uael-post__content-wrap\">\r\n\t\t\t\t\t<h3 class=\"uael-post__title\">\r\n\r\n\t\t\r\n\t\t\t\t\t\t<a href=\"https:\/\/www.lepoglava.hr\/festival-cipke\/svecano-otvoren-29-medunarodni-festival-cipke-cipka-nastaje-u-tisini-ali-glasno-govori-o-kulturi-povijesti-i-zenskoj-snazi\/\" target=\"_self\">\r\n\t\t\t\tSve\u010dano otvoren 29. Me\u0111unarodni festival \u010dipke: \u010cipka nastaje u ti\u0161ini, ali glasno govori o kulturi, povijesti i \u017eenskoj snazi\t\t\t<\/a>\r\n\r\n\t\t\t\t<\/h3>\r\n\t\t\t\t\t<div class=\"uael-post__meta-data\">\r\n\t\t\t\t\t<span class=\"uael-post__date\">\r\n\t\t\t\t\t\t\t\t\t\t\t\t\t<i aria-hidden=\"true\" class=\"fa fa-calendar\"><\/i>\t\t\t\t\t\t\t\t\t\r\n\t\t\t13 rujna, 2025\t\t<\/span>\r\n\t\t\t\t<\/div>\r\n\t\t\r\n\t\t<div class=\"uael-post__excerpt\">\r\n\t\t\t<p>Podizanjem festivalske zastave, uza zvuke fanfara, u Lepoglavi je u petak, 12. rujna, sve\u010dano otvoren 29. Me\u0111unarodni festival \u010dipke, na kojem \u0107e posjetitelji &#8230;<\/p>\n\t\t<\/div>\r\n\r\n\t\t\t\t\t<a class=\"uael-post__read-more elementor-button\" href=\"https:\/\/www.lepoglava.hr\/festival-cipke\/svecano-otvoren-29-medunarodni-festival-cipke-cipka-nastaje-u-tisini-ali-glasno-govori-o-kulturi-povijesti-i-zenskoj-snazi\/\" target=\"_self\" aria-labelledby=\"uael-post-3552\">\r\n\t\t\t\t\t<span class=\"elementor-button-content-wrapper\">\r\n\t\t\t\t\t\t\t\t\t\t\t\t\t\t<span class=\"elementor-button-icon elementor-align-icon-left\">\r\n\r\n\t\t\t\t\t\t\t\t\t\r\n\t\t\t\t\t\t\t\t<\/span>\r\n\t\t\t\t\t\t\t\t\t\t\t\t\t\r\n\t\t\t\t\t\t<span class=\"elementor-button-text\" id=uael-post-3552>Vi\u0161e \u2192<\/span>\r\n\t\t\t\t\t<\/span>\r\n\t\t\t\t<\/a>\r\n\t\t\t\t\t\t<\/div>\r\n\t\t\t\r\n\t\t<\/div>\r\n\t\t\r\n\t<\/div>\r\n\r\n<\/div>\r\n\t\t\t\t<\/div>\r\n\t\t\t\t\t\t\r\n\t\t<\/div>\r\n\r\n\t\t\t\t\t\t<\/div>\r\n\t\t<div class=\"uael-post__footer\">\r\n\t\t\t\t\t<\/div>\r\n\t\t\t\t<\/div>\n\t\t\t\t<\/div>\n\t\t\t\t\t\t<\/div>\n\t\t\t\t\t<\/div>\n\t\t<\/div>\n\t\t\t\t\t\t\t\t<\/div>\n\t\t\t\t\t<\/div>\n\t\t<\/section>\n\t\t\t\t<section class=\"elementor-section elementor-top-section elementor-element elementor-element-e528c1c elementor-section-boxed elementor-section-height-default elementor-section-height-default\" data-id=\"e528c1c\" data-element_type=\"section\">\n\t\t\t\t\t\t<div class=\"elementor-container elementor-column-gap-default\">\n\t\t\t\t\t\t\t<div class=\"elementor-row\">\n\t\t\t\t\t<div class=\"elementor-column elementor-col-100 elementor-top-column elementor-element elementor-element-53f142c\" data-id=\"53f142c\" data-element_type=\"column\">\n\t\t\t<div class=\"elementor-column-wrap elementor-element-populated\">\n\t\t\t\t\t\t\t<div class=\"elementor-widget-wrap\">\n\t\t\t\t\t\t<div class=\"elementor-element elementor-element-ec5575c elementor-align-left elementor-mobile-align-center elementor-widget elementor-widget-button\" data-id=\"ec5575c\" data-element_type=\"widget\" data-widget_type=\"button.default\">\n\t\t\t\t<div class=\"elementor-widget-container\">\n\t\t\t\t\t<div class=\"elementor-button-wrapper\">\n\t\t\t<a class=\"elementor-button elementor-button-link elementor-size-lg\" href=\"https:\/\/www.lepoglava.hr\/festival-cipke\/novosti\/\">\n\t\t\t\t\t\t<span class=\"elementor-button-content-wrapper\">\n\t\t\t\t\t\t<span class=\"elementor-button-icon elementor-align-icon-right\">\n\t\t\t\t<i aria-hidden=\"true\" class=\"fas fa-long-arrow-alt-right\"><\/i>\t\t\t<\/span>\n\t\t\t\t\t\t<span class=\"elementor-button-text\">Vi\u0161e novosti<\/span>\n\t\t<\/span>\n\t\t\t\t\t<\/a>\n\t\t<\/div>\n\t\t\t\t<\/div>\n\t\t\t\t<\/div>\n\t\t\t\t\t\t<\/div>\n\t\t\t\t\t<\/div>\n\t\t<\/div>\n\t\t\t\t\t\t\t\t<\/div>\n\t\t\t\t\t<\/div>\n\t\t<\/section>\n\t\t\t\t<section class=\"elementor-section elementor-top-section elementor-element elementor-element-e33c051 elementor-section-boxed elementor-section-height-default elementor-section-height-default\" data-id=\"e33c051\" data-element_type=\"section\">\n\t\t\t\t\t\t<div class=\"elementor-container elementor-column-gap-default\">\n\t\t\t\t\t\t\t<div class=\"elementor-row\">\n\t\t\t\t\t<div class=\"elementor-column elementor-col-100 elementor-top-column elementor-element elementor-element-6d6be5e\" data-id=\"6d6be5e\" data-element_type=\"column\">\n\t\t\t<div class=\"elementor-column-wrap elementor-element-populated\">\n\t\t\t\t\t\t\t<div class=\"elementor-widget-wrap\">\n\t\t\t\t\t\t<div class=\"elementor-element elementor-element-07c5823 elementor-widget elementor-widget-image\" data-id=\"07c5823\" data-element_type=\"widget\" data-widget_type=\"image.default\">\n\t\t\t\t<div class=\"elementor-widget-container\">\n\t\t\t\t\t\t\t\t<div class=\"elementor-image\">\n\t\t\t\t\t\t\t\t\t\t\t\t\t<a href=\"https:\/\/www.lepoglava.hr\/festival-cipke\/wp-content\/uploads\/2022\/09\/tzgl_26cipkarski_plakat_b1_sponzori_02.webp\" data-elementor-open-lightbox=\"yes\" data-elementor-lightbox-title=\"tzgl_26cipkarski_plakat_b1_sponzori_02\" data-e-action-hash=\"#elementor-action%3Aaction%3Dlightbox%26settings%3DeyJpZCI6MjQ5NywidXJsIjoiaHR0cHM6XC9cL3d3dy5sZXBvZ2xhdmEuaHJcL2Zlc3RpdmFsLWNpcGtlXC93cC1jb250ZW50XC91cGxvYWRzXC8yMDIyXC8wOVwvdHpnbF8yNmNpcGthcnNraV9wbGFrYXRfYjFfc3BvbnpvcmlfMDIud2VicCJ9\">\n\t\t\t\t\t\t\t<img decoding=\"async\" width=\"717\" height=\"1024\" src=\"https:\/\/www.lepoglava.hr\/festival-cipke\/wp-content\/uploads\/2022\/09\/tzgl_26cipkarski_plakat_b1_sponzori_02-717x1024.webp\" class=\"attachment-large size-large wp-image-2497\" alt=\"\" loading=\"lazy\" srcset=\"https:\/\/www.lepoglava.hr\/festival-cipke\/wp-content\/uploads\/2022\/09\/tzgl_26cipkarski_plakat_b1_sponzori_02-717x1024.webp 717w, https:\/\/www.lepoglava.hr\/festival-cipke\/wp-content\/uploads\/2022\/09\/tzgl_26cipkarski_plakat_b1_sponzori_02-210x300.webp 210w, https:\/\/www.lepoglava.hr\/festival-cipke\/wp-content\/uploads\/2022\/09\/tzgl_26cipkarski_plakat_b1_sponzori_02-768x1097.webp 768w, https:\/\/www.lepoglava.hr\/festival-cipke\/wp-content\/uploads\/2022\/09\/tzgl_26cipkarski_plakat_b1_sponzori_02.webp 896w\" sizes=\"(max-width: 717px) 100vw, 717px\" \/>\t\t\t\t\t\t\t\t<\/a>\n\t\t\t\t\t\t\t\t\t\t\t\t\t\t<\/div>\n\t\t\t\t\t\t<\/div>\n\t\t\t\t<\/div>\n\t\t\t\t\t\t<\/div>\n\t\t\t\t\t<\/div>\n\t\t<\/div>\n\t\t\t\t\t\t\t\t<\/div>\n\t\t\t\t\t<\/div>\n\t\t<\/section>\n\t\t\t\t\t\t\t\t\t<\/div>\n\t\t\t<\/div>\n\t\t\t\t\t<\/div>\n\t\t","protected":false},"excerpt":{"rendered":"<p>26. me\u0111unarodni festival \u010dipke, Lepoglava Ovogodi\u0161nji 26. Me\u0111unarodni festival \u010dipke u Lepoglavi odr\u017eava se od 09 do 11. rujna Pogledajte &hellip;<\/p>\n<p class=\"read-more\"> <a class=\"\" href=\"https:\/\/www.lepoglava.hr\/festival-cipke\/svecano-otvoren-29-medunarodni-festival-cipke-cipka-nastaje-u-tisini-ali-glasno-govori-o-kulturi-povijesti-i-zenskoj-snazi\/\"> <span class=\"screen-reader-text\">Sve\u010dano otvoren 29. Me\u0111unarodni festival \u010dipke: \u010cipka nastaje u ti\u0161ini, ali glasno govori o kulturi, povijesti i \u017eenskoj snazi<\/span> Vi\u0161e \u00bb<\/a><\/p>\n","protected":false},"author":4,"featured_media":0,"parent":0,"menu_order":0,"comment_status":"closed","ping_status":"closed","template":"elementor_header_footer","meta":{"site-sidebar-layout":"no-sidebar","site-content-layout":"page-builder","ast-global-header-display":"","ast-banner-title-visibility":"","ast-main-header-display":"","ast-hfb-above-header-display":"","ast-hfb-below-header-display":"","ast-hfb-mobile-header-display":"","site-post-title":"disabled","ast-breadcrumbs-content":"","ast-featured-img":"disabled","footer-sml-layout":"","theme-transparent-header-meta":"","adv-header-id-meta":"","stick-header-meta":"","header-above-stick-meta":"","header-main-stick-meta":"","header-below-stick-meta":"","pgc_sgb_lightbox_settings":""},"yoast_head":"<!-- This site is optimized with the Yoast SEO plugin v20.11 - https:\/\/yoast.com\/wordpress\/plugins\/seo\/ -->\n<title>26. me\u0111unarodni festival \u010dipke - 29. me\u0111unarodni festival \u010dipke<\/title>\n<meta name=\"description\" content=\"26. me\u0111unarodni festival \u010dipke - Lepglava\" \/>\n<meta name=\"robots\" content=\"index, follow, max-snippet:-1, max-image-preview:large, max-video-preview:-1\" \/>\n<link rel=\"canonical\" href=\"https:\/\/www.lepoglava.hr\/festival-cipke\/naslovnica-26-medunarodni-festival-cipke\/\" \/>\n<meta property=\"og:locale\" content=\"hr_HR\" \/>\n<meta property=\"og:type\" content=\"article\" \/>\n<meta property=\"og:title\" content=\"26. me\u0111unarodni festival \u010dipke - 29. me\u0111unarodni festival \u010dipke\" \/>\n<meta property=\"og:description\" content=\"26. me\u0111unarodni festival \u010dipke - Lepglava\" \/>\n<meta property=\"og:url\" content=\"https:\/\/www.lepoglava.hr\/festival-cipke\/naslovnica-26-medunarodni-festival-cipke\/\" \/>\n<meta property=\"og:site_name\" content=\"29. me\u0111unarodni festival \u010dipke\" \/>\n<meta property=\"article:modified_time\" content=\"2023-03-16T11:22:05+00:00\" \/>\n<meta property=\"og:image\" content=\"https:\/\/www.lepoglava.hr\/festival-cipke\/wp-content\/uploads\/elementor\/thumbs\/Lepoglava_Festival_2022-pnw23yzedqmhppkn2p6vx9yv7mte9h9c2jrw1ro1us.jpg\" \/>\n<meta name=\"twitter:card\" content=\"summary_large_image\" \/>\n<meta name=\"twitter:label1\" content=\"Procijenjeno vrijeme \u010ditanja\" \/>\n\t<meta name=\"twitter:data1\" content=\"4 minute\" \/>\n<script type=\"application\/ld+json\" class=\"yoast-schema-graph\">{\"@context\":\"https:\/\/schema.org\",\"@graph\":[{\"@type\":\"WebPage\",\"@id\":\"https:\/\/www.lepoglava.hr\/festival-cipke\/naslovnica-26-medunarodni-festival-cipke\/\",\"url\":\"https:\/\/www.lepoglava.hr\/festival-cipke\/naslovnica-26-medunarodni-festival-cipke\/\",\"name\":\"26. me\u0111unarodni festival \u010dipke - 29. me\u0111unarodni festival \u010dipke\",\"isPartOf\":{\"@id\":\"https:\/\/www.lepoglava.hr\/festival-cipke\/#website\"},\"datePublished\":\"2022-03-31T15:21:52+00:00\",\"dateModified\":\"2023-03-16T11:22:05+00:00\",\"description\":\"26. me\u0111unarodni festival \u010dipke - Lepglava\",\"breadcrumb\":{\"@id\":\"https:\/\/www.lepoglava.hr\/festival-cipke\/naslovnica-26-medunarodni-festival-cipke\/#breadcrumb\"},\"inLanguage\":\"hr\",\"potentialAction\":[{\"@type\":\"ReadAction\",\"target\":[\"https:\/\/www.lepoglava.hr\/festival-cipke\/naslovnica-26-medunarodni-festival-cipke\/\"]}]},{\"@type\":\"BreadcrumbList\",\"@id\":\"https:\/\/www.lepoglava.hr\/festival-cipke\/naslovnica-26-medunarodni-festival-cipke\/#breadcrumb\",\"itemListElement\":[{\"@type\":\"ListItem\",\"position\":1,\"name\":\"Po\u010detna stranica\",\"item\":\"https:\/\/www.lepoglava.hr\/festival-cipke\/\"},{\"@type\":\"ListItem\",\"position\":2,\"name\":\"26. me\u0111unarodni festival \u010dipke\"}]},{\"@type\":\"WebSite\",\"@id\":\"https:\/\/www.lepoglava.hr\/festival-cipke\/#website\",\"url\":\"https:\/\/www.lepoglava.hr\/festival-cipke\/\",\"name\":\"29. me\u0111unarodni festival \u010dipke\",\"description\":\"29. me\u0111unarodni festival \u010dipke - Lepoglava\",\"publisher\":{\"@id\":\"https:\/\/www.lepoglava.hr\/festival-cipke\/#organization\"},\"potentialAction\":[{\"@type\":\"SearchAction\",\"target\":{\"@type\":\"EntryPoint\",\"urlTemplate\":\"https:\/\/www.lepoglava.hr\/festival-cipke\/?s={search_term_string}\"},\"query-input\":\"required name=search_term_string\"}],\"inLanguage\":\"hr\"},{\"@type\":\"Organization\",\"@id\":\"https:\/\/www.lepoglava.hr\/festival-cipke\/#organization\",\"name\":\"Grad Lepoglava\",\"url\":\"https:\/\/www.lepoglava.hr\/festival-cipke\/\",\"logo\":{\"@type\":\"ImageObject\",\"inLanguage\":\"hr\",\"@id\":\"https:\/\/www.lepoglava.hr\/festival-cipke\/#\/schema\/logo\/image\/\",\"url\":\"https:\/\/www.lepoglava.hr\/festival-cipke\/wp-content\/uploads\/2020\/08\/lepoglava-logo.png\",\"contentUrl\":\"https:\/\/www.lepoglava.hr\/festival-cipke\/wp-content\/uploads\/2020\/08\/lepoglava-logo.png\",\"width\":202,\"height\":58,\"caption\":\"Grad Lepoglava\"},\"image\":{\"@id\":\"https:\/\/www.lepoglava.hr\/festival-cipke\/#\/schema\/logo\/image\/\"}}]}<\/script>\n<!-- \/ Yoast SEO plugin. -->","yoast_head_json":{"title":"26. me\u0111unarodni festival \u010dipke - 29. me\u0111unarodni festival \u010dipke","description":"26. me\u0111unarodni festival \u010dipke - Lepglava","robots":{"index":"index","follow":"follow","max-snippet":"max-snippet:-1","max-image-preview":"max-image-preview:large","max-video-preview":"max-video-preview:-1"},"canonical":"https:\/\/www.lepoglava.hr\/festival-cipke\/naslovnica-26-medunarodni-festival-cipke\/","og_locale":"hr_HR","og_type":"article","og_title":"26. me\u0111unarodni festival \u010dipke - 29. me\u0111unarodni festival \u010dipke","og_description":"26. me\u0111unarodni festival \u010dipke - Lepglava","og_url":"https:\/\/www.lepoglava.hr\/festival-cipke\/naslovnica-26-medunarodni-festival-cipke\/","og_site_name":"29. me\u0111unarodni festival \u010dipke","article_modified_time":"2023-03-16T11:22:05+00:00","og_image":[{"url":"https:\/\/www.lepoglava.hr\/festival-cipke\/wp-content\/uploads\/elementor\/thumbs\/Lepoglava_Festival_2022-pnw23yzedqmhppkn2p6vx9yv7mte9h9c2jrw1ro1us.jpg"}],"twitter_card":"summary_large_image","twitter_misc":{"Procijenjeno vrijeme \u010ditanja":"4 minute"},"schema":{"@context":"https:\/\/schema.org","@graph":[{"@type":"WebPage","@id":"https:\/\/www.lepoglava.hr\/festival-cipke\/naslovnica-26-medunarodni-festival-cipke\/","url":"https:\/\/www.lepoglava.hr\/festival-cipke\/naslovnica-26-medunarodni-festival-cipke\/","name":"26. me\u0111unarodni festival \u010dipke - 29. me\u0111unarodni festival \u010dipke","isPartOf":{"@id":"https:\/\/www.lepoglava.hr\/festival-cipke\/#website"},"datePublished":"2022-03-31T15:21:52+00:00","dateModified":"2023-03-16T11:22:05+00:00","description":"26. me\u0111unarodni festival \u010dipke - Lepglava","breadcrumb":{"@id":"https:\/\/www.lepoglava.hr\/festival-cipke\/naslovnica-26-medunarodni-festival-cipke\/#breadcrumb"},"inLanguage":"hr","potentialAction":[{"@type":"ReadAction","target":["https:\/\/www.lepoglava.hr\/festival-cipke\/naslovnica-26-medunarodni-festival-cipke\/"]}]},{"@type":"BreadcrumbList","@id":"https:\/\/www.lepoglava.hr\/festival-cipke\/naslovnica-26-medunarodni-festival-cipke\/#breadcrumb","itemListElement":[{"@type":"ListItem","position":1,"name":"Po\u010detna stranica","item":"https:\/\/www.lepoglava.hr\/festival-cipke\/"},{"@type":"ListItem","position":2,"name":"26. me\u0111unarodni festival \u010dipke"}]},{"@type":"WebSite","@id":"https:\/\/www.lepoglava.hr\/festival-cipke\/#website","url":"https:\/\/www.lepoglava.hr\/festival-cipke\/","name":"29. me\u0111unarodni festival \u010dipke","description":"29. me\u0111unarodni festival \u010dipke - Lepoglava","publisher":{"@id":"https:\/\/www.lepoglava.hr\/festival-cipke\/#organization"},"potentialAction":[{"@type":"SearchAction","target":{"@type":"EntryPoint","urlTemplate":"https:\/\/www.lepoglava.hr\/festival-cipke\/?s={search_term_string}"},"query-input":"required name=search_term_string"}],"inLanguage":"hr"},{"@type":"Organization","@id":"https:\/\/www.lepoglava.hr\/festival-cipke\/#organization","name":"Grad Lepoglava","url":"https:\/\/www.lepoglava.hr\/festival-cipke\/","logo":{"@type":"ImageObject","inLanguage":"hr","@id":"https:\/\/www.lepoglava.hr\/festival-cipke\/#\/schema\/logo\/image\/","url":"https:\/\/www.lepoglava.hr\/festival-cipke\/wp-content\/uploads\/2020\/08\/lepoglava-logo.png","contentUrl":"https:\/\/www.lepoglava.hr\/festival-cipke\/wp-content\/uploads\/2020\/08\/lepoglava-logo.png","width":202,"height":58,"caption":"Grad Lepoglava"},"image":{"@id":"https:\/\/www.lepoglava.hr\/festival-cipke\/#\/schema\/logo\/image\/"}}]}},"_links":{"self":[{"href":"https:\/\/www.lepoglava.hr\/festival-cipke\/wp-json\/wp\/v2\/pages\/1907"}],"collection":[{"href":"https:\/\/www.lepoglava.hr\/festival-cipke\/wp-json\/wp\/v2\/pages"}],"about":[{"href":"https:\/\/www.lepoglava.hr\/festival-cipke\/wp-json\/wp\/v2\/types\/page"}],"author":[{"embeddable":true,"href":"https:\/\/www.lepoglava.hr\/festival-cipke\/wp-json\/wp\/v2\/users\/4"}],"replies":[{"embeddable":true,"href":"https:\/\/www.lepoglava.hr\/festival-cipke\/wp-json\/wp\/v2\/comments?post=1907"}],"version-history":[{"count":191,"href":"https:\/\/www.lepoglava.hr\/festival-cipke\/wp-json\/wp\/v2\/pages\/1907\/revisions"}],"predecessor-version":[{"id":2621,"href":"https:\/\/www.lepoglava.hr\/festival-cipke\/wp-json\/wp\/v2\/pages\/1907\/revisions\/2621"}],"wp:attachment":[{"href":"https:\/\/www.lepoglava.hr\/festival-cipke\/wp-json\/wp\/v2\/media?parent=1907"}],"curies":[{"name":"wp","href":"https:\/\/api.w.org\/{rel}","templated":true}]}}